{"id":489,"date":"2020-10-16T17:41:01","date_gmt":"2020-10-16T14:41:01","guid":{"rendered":"https:\/\/www.grafas.org\/demo01\/?page_id=489"},"modified":"2025-06-16T22:01:06","modified_gmt":"2025-06-17T04:01:06","slug":"about","status":"publish","type":"page","link":"https:\/\/psicologaelfridacaceres.com\/index.php\/about\/","title":{"rendered":"Acerca de"},"content":{"rendered":"\t\t<div data-elementor-type=\"wp-page\" data-elementor-id=\"489\" class=\"elementor elementor-489\">\n\t\t\t\t\t\t<section class=\"elementor-section elementor-top-section elementor-element elementor-element-8828dd8 elementor-section-height-min-height elementor-section-items-bottom elementor-section-boxed elementor-section-height-default\" data-id=\"8828dd8\" data-element_type=\"section\" data-settings=\"{&quot;background_background&quot;:&quot;classic&quot;}\">\n\t\t\t\t\t\t\t<div class=\"elementor-background-overlay\"><\/div>\n\t\t\t\t\t\t\t<div class=\"elementor-container elementor-column-gap-default\">\n\t\t\t\t\t<div class=\"elementor-column elementor-col-100 elementor-top-column elementor-element elementor-element-6d43801\" data-id=\"6d43801\" data-element_type=\"column\">\n\t\t\t<div class=\"elementor-widget-wrap elementor-element-populated\">\n\t\t\t\t\t\t<div class=\"elementor-element elementor-element-620b472 elementor-widget elementor-widget-heading\" data-id=\"620b472\" data-element_type=\"widget\" data-widget_type=\"heading.default\">\n\t\t\t\t<div class=\"elementor-widget-container\">\n\t\t\t\t\t<h2 class=\"elementor-heading-title elementor-size-default\"><span style=\"font-weight: normal\">Acerca de<\/span><\/h2>\t\t\t\t<\/div>\n\t\t\t\t<\/div>\n\t\t\t\t<div class=\"elementor-element elementor-element-8a9ddef elementor-widget elementor-widget-spacer\" data-id=\"8a9ddef\" data-element_type=\"widget\" data-widget_type=\"spacer.default\">\n\t\t\t\t<div class=\"elementor-widget-container\">\n\t\t\t\t\t\t\t<div class=\"elementor-spacer\">\n\t\t\t<div class=\"elementor-spacer-inner\"><\/div>\n\t\t<\/div>\n\t\t\t\t\t\t<\/div>\n\t\t\t\t<\/div>\n\t\t\t\t\t<\/div>\n\t\t<\/div>\n\t\t\t\t\t<\/div>\n\t\t<\/section>\n\t\t\t\t<section class=\"elementor-section elementor-top-section elementor-element elementor-element-4d177d8 elementor-section-boxed elementor-section-height-default elementor-section-height-default\" data-id=\"4d177d8\" data-element_type=\"section\">\n\t\t\t\t\t\t<div class=\"elementor-container elementor-column-gap-default\">\n\t\t\t\t\t<div class=\"elementor-column elementor-col-100 elementor-top-column elementor-element elementor-element-c0c6074\" data-id=\"c0c6074\" data-element_type=\"column\">\n\t\t\t<div class=\"elementor-widget-wrap elementor-element-populated\">\n\t\t\t\t\t\t<div class=\"elementor-element elementor-element-79ef42a elementor-widget elementor-widget-spacer\" data-id=\"79ef42a\" data-element_type=\"widget\" data-widget_type=\"spacer.default\">\n\t\t\t\t<div class=\"elementor-widget-container\">\n\t\t\t\t\t\t\t<div class=\"elementor-spacer\">\n\t\t\t<div class=\"elementor-spacer-inner\"><\/div>\n\t\t<\/div>\n\t\t\t\t\t\t<\/div>\n\t\t\t\t<\/div>\n\t\t\t\t\t<\/div>\n\t\t<\/div>\n\t\t\t\t\t<\/div>\n\t\t<\/section>\n\t\t\t\t<section class=\"elementor-section elementor-top-section elementor-element elementor-element-d98d9d8 elementor-section-boxed elementor-section-height-default elementor-section-height-default\" data-id=\"d98d9d8\" data-element_type=\"section\">\n\t\t\t\t\t\t<div class=\"elementor-container elementor-column-gap-default\">\n\t\t\t\t\t<div class=\"elementor-column elementor-col-50 elementor-top-column elementor-element elementor-element-325152e\" data-id=\"325152e\" data-element_type=\"column\">\n\t\t\t<div class=\"elementor-widget-wrap elementor-element-populated\">\n\t\t\t\t\t\t<div class=\"elementor-element elementor-element-10a8d9a elementor-widget elementor-widget-heading\" data-id=\"10a8d9a\" data-element_type=\"widget\" data-widget_type=\"heading.default\">\n\t\t\t\t<div class=\"elementor-widget-container\">\n\t\t\t\t\t<h2 class=\"elementor-heading-title elementor-size-default\">\u00c9lfrida C\u00e1ceres<\/h2>\t\t\t\t<\/div>\n\t\t\t\t<\/div>\n\t\t\t\t<div class=\"elementor-element elementor-element-aa6e41c elementor-widget-divider--view-line_text elementor-widget-divider--element-align-right elementor-widget elementor-widget-divider\" data-id=\"aa6e41c\" data-element_type=\"widget\" data-widget_type=\"divider.default\">\n\t\t\t\t<div class=\"elementor-widget-container\">\n\t\t\t\t\t\t\t<div class=\"elementor-divider\">\n\t\t\t<span class=\"elementor-divider-separator\">\n\t\t\t\t\t\t\t<span class=\"elementor-divider__text elementor-divider__element\">\n\t\t\t\tTu psic\u00f3loga \t\t\t\t<\/span>\n\t\t\t\t\t\t<\/span>\n\t\t<\/div>\n\t\t\t\t\t\t<\/div>\n\t\t\t\t<\/div>\n\t\t\t\t<div class=\"elementor-element elementor-element-5236828 elementor-widget elementor-widget-text-editor\" data-id=\"5236828\" data-element_type=\"widget\" data-widget_type=\"text-editor.default\">\n\t\t\t\t<div class=\"elementor-widget-container\">\n\t\t\t\t\t\t\t\t\t<p><span style=\"color: var(--global-palette3); font-family: var(--global-body-font-family);\">Soy \u00c9lfrida C\u00e1ceres, psic\u00f3loga con m\u00e1s de 30 a\u00f1os de experiencia en la consejer\u00eda cl\u00ednica.\u00a0<\/span><\/p><p>En mi consulta descubrir\u00e1s diferentes tipos de asesoramiento y terapias totalmente adaptables a tus necesidades.<\/p><p><span style=\"color: var(--global-palette3); font-family: var(--global-body-font-family);\">Mi objetivo primordial es ayudarte a superar todos tus problemas, miedos\u00a0<\/span><span style=\"color: var(--global-palette3); font-family: var(--global-body-font-family);\">y temores que se presentan diariamente partiendo desde una base de confianza, respeto, \u00e9tica profesional y confidencialidad.<\/span><\/p><p><span style=\"color: var(--global-palette3); font-family: var(--global-body-font-family);\">\u00a0<\/span><\/p><h4 style=\"font-family: var(--global-heading-font-family);\"><span style=\"font-weight: bold;\">Mi Misi\u00f3n\u00a0<\/span><\/h4><div>Proveer la m\u00e1s alta calidad de asesoramiento y terapia con el objetivo de resolver cualquier tipo de problema que mis pacientes puedan experimentar tanto c\u00f3mo peque\u00f1os problemas a trastornos psicol\u00f3gicos.\u00a0<br \/><span style=\"color: var(--global-palette3); font-family: var(--global-body-font-family);\"><br \/><\/span><span style=\"color: var(--global-palette3); font-family: var(--global-body-font-family);\">Mi principal fuente de motivaci\u00f3n es la gran diferencia emocional de mis pacientes desde la primera consulta hasta el d\u00eda de alta.<\/span><\/div>\t\t\t\t\t\t\t\t<\/div>\n\t\t\t\t<\/div>\n\t\t\t\t\t<\/div>\n\t\t<\/div>\n\t\t\t\t<div class=\"elementor-column elementor-col-50 elementor-top-column elementor-element elementor-element-02e9907\" data-id=\"02e9907\" data-element_type=\"column\">\n\t\t\t<div class=\"elementor-widget-wrap elementor-element-populated\">\n\t\t\t\t\t\t<div class=\"elementor-element elementor-element-3752983 elementor-widget elementor-widget-image\" data-id=\"3752983\" data-element_type=\"widget\" data-widget_type=\"image.default\">\n\t\t\t\t<div class=\"elementor-widget-container\">\n\t\t\t\t\t\t\t\t\t\t\t\t\t\t\t<img fetchpriority=\"high\" decoding=\"async\" width=\"683\" height=\"1024\" src=\"https:\/\/psicologaelfridacaceres.com\/wp-content\/uploads\/2025\/06\/PHOTO-2025-06-16-17-03-01-683x1024.jpg\" class=\"attachment-large size-large wp-image-2536\" alt=\"\" srcset=\"https:\/\/psicologaelfridacaceres.com\/wp-content\/uploads\/2025\/06\/PHOTO-2025-06-16-17-03-01-683x1024.jpg 683w, https:\/\/psicologaelfridacaceres.com\/wp-content\/uploads\/2025\/06\/PHOTO-2025-06-16-17-03-01-200x300.jpg 200w, https:\/\/psicologaelfridacaceres.com\/wp-content\/uploads\/2025\/06\/PHOTO-2025-06-16-17-03-01-768x1152.jpg 768w, https:\/\/psicologaelfridacaceres.com\/wp-content\/uploads\/2025\/06\/PHOTO-2025-06-16-17-03-01-1024x1536.jpg 1024w, https:\/\/psicologaelfridacaceres.com\/wp-content\/uploads\/2025\/06\/PHOTO-2025-06-16-17-03-01-1365x2048.jpg 1365w, https:\/\/psicologaelfridacaceres.com\/wp-content\/uploads\/2025\/06\/PHOTO-2025-06-16-17-03-01-scaled.jpg 1706w\" sizes=\"(max-width: 683px) 100vw, 683px\" \/>\t\t\t\t\t\t\t\t\t\t\t\t\t\t\t<\/div>\n\t\t\t\t<\/div>\n\t\t\t\t\t<\/div>\n\t\t<\/div>\n\t\t\t\t\t<\/div>\n\t\t<\/section>\n\t\t\t\t<section class=\"elementor-section elementor-top-section elementor-element elementor-element-b598091 elementor-section-boxed elementor-section-height-default elementor-section-height-default\" data-id=\"b598091\" data-element_type=\"section\" data-settings=\"{&quot;background_background&quot;:&quot;classic&quot;}\">\n\t\t\t\t\t\t\t<div class=\"elementor-background-overlay\"><\/div>\n\t\t\t\t\t\t\t<div class=\"elementor-container elementor-column-gap-default\">\n\t\t\t\t\t<div class=\"elementor-column elementor-col-100 elementor-top-column elementor-element elementor-element-f1cee4b\" data-id=\"f1cee4b\" data-element_type=\"column\">\n\t\t\t<div class=\"elementor-widget-wrap elementor-element-populated\">\n\t\t\t\t\t\t<section class=\"elementor-section elementor-inner-section elementor-element elementor-element-313e6f0 elementor-section-boxed elementor-section-height-default elementor-section-height-default\" data-id=\"313e6f0\" data-element_type=\"section\">\n\t\t\t\t\t\t<div class=\"elementor-container elementor-column-gap-default\">\n\t\t\t\t\t<div class=\"elementor-column elementor-col-100 elementor-inner-column elementor-element elementor-element-665b8bc\" data-id=\"665b8bc\" data-element_type=\"column\">\n\t\t\t<div class=\"elementor-widget-wrap elementor-element-populated\">\n\t\t\t\t\t\t<div class=\"elementor-element elementor-element-5d133c1 elementor-widget elementor-widget-heading\" data-id=\"5d133c1\" data-element_type=\"widget\" data-widget_type=\"heading.default\">\n\t\t\t\t<div class=\"elementor-widget-container\">\n\t\t\t\t\t<h2 class=\"elementor-heading-title elementor-size-default\">Formaci\u00f3n Acad\u00e9mica<\/h2>\t\t\t\t<\/div>\n\t\t\t\t<\/div>\n\t\t\t\t\t<\/div>\n\t\t<\/div>\n\t\t\t\t\t<\/div>\n\t\t<\/section>\n\t\t\t\t<section class=\"elementor-section elementor-inner-section elementor-element elementor-element-150b437 elementor-section-boxed elementor-section-height-default elementor-section-height-default\" data-id=\"150b437\" data-element_type=\"section\">\n\t\t\t\t\t\t<div class=\"elementor-container elementor-column-gap-default\">\n\t\t\t\t\t<div class=\"elementor-column elementor-col-50 elementor-inner-column elementor-element elementor-element-3507c0c\" data-id=\"3507c0c\" data-element_type=\"column\">\n\t\t\t<div class=\"elementor-widget-wrap elementor-element-populated\">\n\t\t\t\t\t\t<div class=\"elementor-element elementor-element-6c67fad elementor-widget elementor-widget-text-editor\" data-id=\"6c67fad\" data-element_type=\"widget\" data-widget_type=\"text-editor.default\">\n\t\t\t\t<div class=\"elementor-widget-container\">\n\t\t\t\t\t\t\t\t\t<p>Junio 26, 1992<\/p>\t\t\t\t\t\t\t\t<\/div>\n\t\t\t\t<\/div>\n\t\t\t\t\t<\/div>\n\t\t<\/div>\n\t\t\t\t<div class=\"elementor-column elementor-col-50 elementor-inner-column elementor-element elementor-element-7366151\" data-id=\"7366151\" data-element_type=\"column\">\n\t\t\t<div class=\"elementor-widget-wrap elementor-element-populated\">\n\t\t\t\t\t\t<div class=\"elementor-element elementor-element-f2738d3 elementor-widget elementor-widget-text-editor\" data-id=\"f2738d3\" data-element_type=\"widget\" data-widget_type=\"text-editor.default\">\n\t\t\t\t<div class=\"elementor-widget-container\">\n\t\t\t\t\t\t\t\t\t<p>Taller de\u00a0<span style=\"font-weight: bold;\">Educaci\u00f3n Preventiva Integral contra el Uso indebido de Drogas<\/span>\u00a0por El Departamento de Estado de los Estados Unidos de America<\/p>\t\t\t\t\t\t\t\t<\/div>\n\t\t\t\t<\/div>\n\t\t\t\t\t<\/div>\n\t\t<\/div>\n\t\t\t\t\t<\/div>\n\t\t<\/section>\n\t\t\t\t<section class=\"elementor-section elementor-inner-section elementor-element elementor-element-cc0f19f elementor-section-boxed elementor-section-height-default elementor-section-height-default\" data-id=\"cc0f19f\" data-element_type=\"section\">\n\t\t\t\t\t\t<div class=\"elementor-container elementor-column-gap-default\">\n\t\t\t\t\t<div class=\"elementor-column elementor-col-50 elementor-inner-column elementor-element elementor-element-e4c149d\" data-id=\"e4c149d\" data-element_type=\"column\">\n\t\t\t<div class=\"elementor-widget-wrap elementor-element-populated\">\n\t\t\t\t\t\t<div class=\"elementor-element elementor-element-0c852a4 elementor-widget elementor-widget-text-editor\" data-id=\"0c852a4\" data-element_type=\"widget\" data-widget_type=\"text-editor.default\">\n\t\t\t\t<div class=\"elementor-widget-container\">\n\t\t\t\t\t\t\t\t\t<p>Julio 31, 1992<\/p>\t\t\t\t\t\t\t\t<\/div>\n\t\t\t\t<\/div>\n\t\t\t\t\t<\/div>\n\t\t<\/div>\n\t\t\t\t<div class=\"elementor-column elementor-col-50 elementor-inner-column elementor-element elementor-element-bce1dca\" data-id=\"bce1dca\" data-element_type=\"column\">\n\t\t\t<div class=\"elementor-widget-wrap elementor-element-populated\">\n\t\t\t\t\t\t<div class=\"elementor-element elementor-element-01f94f6 elementor-widget elementor-widget-text-editor\" data-id=\"01f94f6\" data-element_type=\"widget\" data-widget_type=\"text-editor.default\">\n\t\t\t\t<div class=\"elementor-widget-container\">\n\t\t\t\t\t\t\t\t\t<p>Licenciatura en\u00a0<span style=\"font-weight: bold;\">Psicolog\u00eda<\/span>\u00a0de la Universidad Francisco Gavidia UFG<\/p>\t\t\t\t\t\t\t\t<\/div>\n\t\t\t\t<\/div>\n\t\t\t\t\t<\/div>\n\t\t<\/div>\n\t\t\t\t\t<\/div>\n\t\t<\/section>\n\t\t\t\t<section class=\"elementor-section elementor-inner-section elementor-element elementor-element-db18237 elementor-section-boxed elementor-section-height-default elementor-section-height-default\" data-id=\"db18237\" data-element_type=\"section\">\n\t\t\t\t\t\t<div class=\"elementor-container elementor-column-gap-default\">\n\t\t\t\t\t<div class=\"elementor-column elementor-col-50 elementor-inner-column elementor-element elementor-element-3045ed1\" data-id=\"3045ed1\" data-element_type=\"column\">\n\t\t\t<div class=\"elementor-widget-wrap elementor-element-populated\">\n\t\t\t\t\t\t<div class=\"elementor-element elementor-element-7d88f92 elementor-widget elementor-widget-text-editor\" data-id=\"7d88f92\" data-element_type=\"widget\" data-widget_type=\"text-editor.default\">\n\t\t\t\t<div class=\"elementor-widget-container\">\n\t\t\t\t\t\t\t\t\t<p>Marzo 30, 1993<\/p>\t\t\t\t\t\t\t\t<\/div>\n\t\t\t\t<\/div>\n\t\t\t\t\t<\/div>\n\t\t<\/div>\n\t\t\t\t<div class=\"elementor-column elementor-col-50 elementor-inner-column elementor-element elementor-element-a4ea93d\" data-id=\"a4ea93d\" data-element_type=\"column\">\n\t\t\t<div class=\"elementor-widget-wrap elementor-element-populated\">\n\t\t\t\t\t\t<div class=\"elementor-element elementor-element-d6582e1 elementor-widget elementor-widget-text-editor\" data-id=\"d6582e1\" data-element_type=\"widget\" data-widget_type=\"text-editor.default\">\n\t\t\t\t<div class=\"elementor-widget-container\">\n\t\t\t\t\t\t\t\t\t<p>Seminario taller de\u00a0<span style=\"font-weight: bold;\">Psicolog\u00eda y modelos terap\u00e9uticos de traumatizaciones extremas<\/span>\u00a0por FUNDASALVA<\/p>\t\t\t\t\t\t\t\t<\/div>\n\t\t\t\t<\/div>\n\t\t\t\t\t<\/div>\n\t\t<\/div>\n\t\t\t\t\t<\/div>\n\t\t<\/section>\n\t\t\t\t<section class=\"elementor-section elementor-inner-section elementor-element elementor-element-73bb1b9 elementor-section-boxed elementor-section-height-default elementor-section-height-default\" data-id=\"73bb1b9\" data-element_type=\"section\">\n\t\t\t\t\t\t<div class=\"elementor-container elementor-column-gap-default\">\n\t\t\t\t\t<div class=\"elementor-column elementor-col-50 elementor-inner-column elementor-element elementor-element-c2a0edb\" data-id=\"c2a0edb\" data-element_type=\"column\">\n\t\t\t<div class=\"elementor-widget-wrap elementor-element-populated\">\n\t\t\t\t\t\t<div class=\"elementor-element elementor-element-1a50875 elementor-widget elementor-widget-text-editor\" data-id=\"1a50875\" data-element_type=\"widget\" data-widget_type=\"text-editor.default\">\n\t\t\t\t<div class=\"elementor-widget-container\">\n\t\t\t\t\t\t\t\t\t<p>Julio 26, 1993<\/p>\t\t\t\t\t\t\t\t<\/div>\n\t\t\t\t<\/div>\n\t\t\t\t\t<\/div>\n\t\t<\/div>\n\t\t\t\t<div class=\"elementor-column elementor-col-50 elementor-inner-column elementor-element elementor-element-a9af02e\" data-id=\"a9af02e\" data-element_type=\"column\">\n\t\t\t<div class=\"elementor-widget-wrap elementor-element-populated\">\n\t\t\t\t\t\t<div class=\"elementor-element elementor-element-439589e elementor-widget elementor-widget-text-editor\" data-id=\"439589e\" data-element_type=\"widget\" data-widget_type=\"text-editor.default\">\n\t\t\t\t<div class=\"elementor-widget-container\">\n\t\t\t\t\t\t\t\t\t<p><span style=\"color: var(--global-palette3); font-family: var(--global-body-font-family); background-color: var( --e-global-color-kadence8 );\">Seminario de\u00a0<\/span><span style=\"color: var(--global-palette3); font-family: var(--global-body-font-family); background-color: var( --e-global-color-kadence8 ); font-weight: bold;\">Trauma, Duelo y Reparaci\u00f3n<\/span><span style=\"color: var(--global-palette3); font-family: var(--global-body-font-family); background-color: var( --e-global-color-kadence8 );\">\u00a0por FUNDASALVA<\/span><\/p>\t\t\t\t\t\t\t\t<\/div>\n\t\t\t\t<\/div>\n\t\t\t\t\t<\/div>\n\t\t<\/div>\n\t\t\t\t\t<\/div>\n\t\t<\/section>\n\t\t\t\t<section class=\"elementor-section elementor-inner-section elementor-element elementor-element-0179323 elementor-section-boxed elementor-section-height-default elementor-section-height-default\" data-id=\"0179323\" data-element_type=\"section\">\n\t\t\t\t\t\t<div class=\"elementor-container elementor-column-gap-default\">\n\t\t\t\t\t<div class=\"elementor-column elementor-col-50 elementor-inner-column elementor-element elementor-element-b6c9738\" data-id=\"b6c9738\" data-element_type=\"column\">\n\t\t\t<div class=\"elementor-widget-wrap elementor-element-populated\">\n\t\t\t\t\t\t<div class=\"elementor-element elementor-element-9ded5e5 elementor-widget elementor-widget-text-editor\" data-id=\"9ded5e5\" data-element_type=\"widget\" data-widget_type=\"text-editor.default\">\n\t\t\t\t<div class=\"elementor-widget-container\">\n\t\t\t\t\t\t\t\t\t<p>Julio 05, 1997<\/p>\t\t\t\t\t\t\t\t<\/div>\n\t\t\t\t<\/div>\n\t\t\t\t\t<\/div>\n\t\t<\/div>\n\t\t\t\t<div class=\"elementor-column elementor-col-50 elementor-inner-column elementor-element elementor-element-6bf3d68\" data-id=\"6bf3d68\" data-element_type=\"column\">\n\t\t\t<div class=\"elementor-widget-wrap elementor-element-populated\">\n\t\t\t\t\t\t<div class=\"elementor-element elementor-element-119013c elementor-widget elementor-widget-text-editor\" data-id=\"119013c\" data-element_type=\"widget\" data-widget_type=\"text-editor.default\">\n\t\t\t\t<div class=\"elementor-widget-container\">\n\t\t\t\t\t\t\t\t\t<p>Diplomado en\u00a0<span style=\"font-weight: bold;\">Gerencia de los Servicios de Salud\u00a0<\/span>con<span style=\"font-weight: bold;\">\u00a0<\/span>menci\u00f3n<span style=\"font-weight: bold;\">\u00a0Honor\u00edfica<\/span>\u00a0por la Universidad Polit\u00e9cnica de El Salvador<\/p>\t\t\t\t\t\t\t\t<\/div>\n\t\t\t\t<\/div>\n\t\t\t\t\t<\/div>\n\t\t<\/div>\n\t\t\t\t\t<\/div>\n\t\t<\/section>\n\t\t\t\t<section class=\"elementor-section elementor-inner-section elementor-element elementor-element-81a502f elementor-section-boxed elementor-section-height-default elementor-section-height-default\" data-id=\"81a502f\" data-element_type=\"section\">\n\t\t\t\t\t\t<div class=\"elementor-container elementor-column-gap-default\">\n\t\t\t\t\t<div class=\"elementor-column elementor-col-50 elementor-inner-column elementor-element elementor-element-8c31d2a\" data-id=\"8c31d2a\" data-element_type=\"column\">\n\t\t\t<div class=\"elementor-widget-wrap elementor-element-populated\">\n\t\t\t\t\t\t<div class=\"elementor-element elementor-element-fa5befe elementor-widget elementor-widget-text-editor\" data-id=\"fa5befe\" data-element_type=\"widget\" data-widget_type=\"text-editor.default\">\n\t\t\t\t<div class=\"elementor-widget-container\">\n\t\t\t\t\t\t\t\t\t<p>\u00a0Mayo 15, 1999<\/p>\t\t\t\t\t\t\t\t<\/div>\n\t\t\t\t<\/div>\n\t\t\t\t\t<\/div>\n\t\t<\/div>\n\t\t\t\t<div class=\"elementor-column elementor-col-50 elementor-inner-column elementor-element elementor-element-418fa26\" data-id=\"418fa26\" data-element_type=\"column\">\n\t\t\t<div class=\"elementor-widget-wrap elementor-element-populated\">\n\t\t\t\t\t\t<div class=\"elementor-element elementor-element-5e5ae7c elementor-widget elementor-widget-text-editor\" data-id=\"5e5ae7c\" data-element_type=\"widget\" data-widget_type=\"text-editor.default\">\n\t\t\t\t<div class=\"elementor-widget-container\">\n\t\t\t\t\t\t\t\t\t<div><p>Diplomado en\u00a0<span style=\"font-weight: bold;\">Maltrato Psicol\u00f3gico y Mental<\/span>\u00a0por parte de la Junta de Vigilancia de la Profesi\u00f3n en Psicolog\u00eda<\/p><\/div>\t\t\t\t\t\t\t\t<\/div>\n\t\t\t\t<\/div>\n\t\t\t\t\t<\/div>\n\t\t<\/div>\n\t\t\t\t\t<\/div>\n\t\t<\/section>\n\t\t\t\t<section class=\"elementor-section elementor-inner-section elementor-element elementor-element-7a534b3 elementor-section-boxed elementor-section-height-default elementor-section-height-default\" data-id=\"7a534b3\" data-element_type=\"section\">\n\t\t\t\t\t\t<div class=\"elementor-container elementor-column-gap-default\">\n\t\t\t\t\t<div class=\"elementor-column elementor-col-50 elementor-inner-column elementor-element elementor-element-d7779c2\" data-id=\"d7779c2\" data-element_type=\"column\">\n\t\t\t<div class=\"elementor-widget-wrap elementor-element-populated\">\n\t\t\t\t\t\t<div class=\"elementor-element elementor-element-e75df69 elementor-widget elementor-widget-text-editor\" data-id=\"e75df69\" data-element_type=\"widget\" data-widget_type=\"text-editor.default\">\n\t\t\t\t<div class=\"elementor-widget-container\">\n\t\t\t\t\t\t\t\t\t<p>Septiembre 02, 2000<\/p>\t\t\t\t\t\t\t\t<\/div>\n\t\t\t\t<\/div>\n\t\t\t\t\t<\/div>\n\t\t<\/div>\n\t\t\t\t<div class=\"elementor-column elementor-col-50 elementor-inner-column elementor-element elementor-element-7f1b3a9\" data-id=\"7f1b3a9\" data-element_type=\"column\">\n\t\t\t<div class=\"elementor-widget-wrap elementor-element-populated\">\n\t\t\t\t\t\t<div class=\"elementor-element elementor-element-7eb3d5c elementor-widget elementor-widget-text-editor\" data-id=\"7eb3d5c\" data-element_type=\"widget\" data-widget_type=\"text-editor.default\">\n\t\t\t\t<div class=\"elementor-widget-container\">\n\t\t\t\t\t\t\t\t\t<div><p>Maestr\u00eda en\u00a0<span style=\"font-weight: bold;\">Administraci\u00f3n de Recursos Humanos<\/span>\u00a0en la Universidad Evang\u00e9lica de El Salvador, 02 Septiembre 2000<\/p><\/div>\t\t\t\t\t\t\t\t<\/div>\n\t\t\t\t<\/div>\n\t\t\t\t\t<\/div>\n\t\t<\/div>\n\t\t\t\t\t<\/div>\n\t\t<\/section>\n\t\t\t\t<section class=\"elementor-section elementor-inner-section elementor-element elementor-element-0d596c2 elementor-section-boxed elementor-section-height-default elementor-section-height-default\" data-id=\"0d596c2\" data-element_type=\"section\">\n\t\t\t\t\t\t<div class=\"elementor-container elementor-column-gap-default\">\n\t\t\t\t\t<div class=\"elementor-column elementor-col-50 elementor-inner-column elementor-element elementor-element-1a4600e\" data-id=\"1a4600e\" data-element_type=\"column\">\n\t\t\t<div class=\"elementor-widget-wrap elementor-element-populated\">\n\t\t\t\t\t\t<div class=\"elementor-element elementor-element-c6d01ba elementor-widget elementor-widget-text-editor\" data-id=\"c6d01ba\" data-element_type=\"widget\" data-widget_type=\"text-editor.default\">\n\t\t\t\t<div class=\"elementor-widget-container\">\n\t\t\t\t\t\t\t\t\t<p>Febrero 22, 2013<\/p>\t\t\t\t\t\t\t\t<\/div>\n\t\t\t\t<\/div>\n\t\t\t\t\t<\/div>\n\t\t<\/div>\n\t\t\t\t<div class=\"elementor-column elementor-col-50 elementor-inner-column elementor-element elementor-element-3be9f3c\" data-id=\"3be9f3c\" data-element_type=\"column\">\n\t\t\t<div class=\"elementor-widget-wrap elementor-element-populated\">\n\t\t\t\t\t\t<div class=\"elementor-element elementor-element-59b5ed4 elementor-widget elementor-widget-text-editor\" data-id=\"59b5ed4\" data-element_type=\"widget\" data-widget_type=\"text-editor.default\">\n\t\t\t\t<div class=\"elementor-widget-container\">\n\t\t\t\t\t\t\t\t\t<div><p>Diplomado en\u00a0<span style=\"font-weight: bold;\">Gerencia P\u00fablica, Justifica y Seguridad<\/span>\u00a0por la Comisi\u00f3n Coordinadora del Sector de Justicia<\/p><\/div>\t\t\t\t\t\t\t\t<\/div>\n\t\t\t\t<\/div>\n\t\t\t\t\t<\/div>\n\t\t<\/div>\n\t\t\t\t\t<\/div>\n\t\t<\/section>\n\t\t\t\t<section class=\"elementor-section elementor-inner-section elementor-element elementor-element-8767b5c elementor-section-boxed elementor-section-height-default elementor-section-height-default\" data-id=\"8767b5c\" data-element_type=\"section\">\n\t\t\t\t\t\t<div class=\"elementor-container elementor-column-gap-default\">\n\t\t\t\t\t<div class=\"elementor-column elementor-col-50 elementor-inner-column elementor-element elementor-element-23ef9f3\" data-id=\"23ef9f3\" data-element_type=\"column\">\n\t\t\t<div class=\"elementor-widget-wrap elementor-element-populated\">\n\t\t\t\t\t\t<div class=\"elementor-element elementor-element-9bc7f87 elementor-widget elementor-widget-text-editor\" data-id=\"9bc7f87\" data-element_type=\"widget\" data-widget_type=\"text-editor.default\">\n\t\t\t\t<div class=\"elementor-widget-container\">\n\t\t\t\t\t\t\t\t\t<p>Noviembre 12, 2014<\/p>\t\t\t\t\t\t\t\t<\/div>\n\t\t\t\t<\/div>\n\t\t\t\t\t<\/div>\n\t\t<\/div>\n\t\t\t\t<div class=\"elementor-column elementor-col-50 elementor-inner-column elementor-element elementor-element-a3636c3\" data-id=\"a3636c3\" data-element_type=\"column\">\n\t\t\t<div class=\"elementor-widget-wrap elementor-element-populated\">\n\t\t\t\t\t\t<div class=\"elementor-element elementor-element-77547e9 elementor-widget elementor-widget-text-editor\" data-id=\"77547e9\" data-element_type=\"widget\" data-widget_type=\"text-editor.default\">\n\t\t\t\t<div class=\"elementor-widget-container\">\n\t\t\t\t\t\t\t\t\t<div><p><span style=\"background-color: var( --e-global-color-kadence8 ); color: var(--global-palette3); font-family: var(--global-body-font-family);\">Curso sobre <b>Habilidades Gerenciales<\/b><\/span><span style=\"background-color: var( --e-global-color-kadence8 ); color: var(--global-palette3); font-family: var(--global-body-font-family);\">\u00a0por la Consejo Nacional de la Judicatura y Proyecto Fortalecimiento del sector Justicia USAID<\/span><\/p><\/div>\t\t\t\t\t\t\t\t<\/div>\n\t\t\t\t<\/div>\n\t\t\t\t\t<\/div>\n\t\t<\/div>\n\t\t\t\t\t<\/div>\n\t\t<\/section>\n\t\t\t\t<section class=\"elementor-section elementor-inner-section elementor-element elementor-element-a3e5b91 elementor-section-boxed elementor-section-height-default elementor-section-height-default\" data-id=\"a3e5b91\" data-element_type=\"section\">\n\t\t\t\t\t\t<div class=\"elementor-container elementor-column-gap-default\">\n\t\t\t\t\t<div class=\"elementor-column elementor-col-50 elementor-inner-column elementor-element elementor-element-554d134\" data-id=\"554d134\" data-element_type=\"column\">\n\t\t\t<div class=\"elementor-widget-wrap elementor-element-populated\">\n\t\t\t\t\t\t<div class=\"elementor-element elementor-element-704d9f0 elementor-widget elementor-widget-text-editor\" data-id=\"704d9f0\" data-element_type=\"widget\" data-widget_type=\"text-editor.default\">\n\t\t\t\t<div class=\"elementor-widget-container\">\n\t\t\t\t\t\t\t\t\t<p><span style=\"color: var(--global-palette3); font-family: var(--global-body-font-family); background-color: var( --e-global-color-kadence8 );\">\u00a0Diciembre 04, 2014<\/span><span style=\"color: var(--global-palette3); font-family: var(--global-body-font-family); background-color: var( --e-global-color-kadence8 );\">\u00a0<\/span><\/p>\t\t\t\t\t\t\t\t<\/div>\n\t\t\t\t<\/div>\n\t\t\t\t\t<\/div>\n\t\t<\/div>\n\t\t\t\t<div class=\"elementor-column elementor-col-50 elementor-inner-column elementor-element elementor-element-27b37e0\" data-id=\"27b37e0\" data-element_type=\"column\">\n\t\t\t<div class=\"elementor-widget-wrap elementor-element-populated\">\n\t\t\t\t\t\t<div class=\"elementor-element elementor-element-6ece347 elementor-widget elementor-widget-text-editor\" data-id=\"6ece347\" data-element_type=\"widget\" data-widget_type=\"text-editor.default\">\n\t\t\t\t<div class=\"elementor-widget-container\">\n\t\t\t\t\t\t\t\t\t<div><p><span style=\"background-color: var( --e-global-color-kadence8 ); color: var(--global-palette3); font-family: var(--global-body-font-family);\">Curso sobre Neurociencias \u00ab<\/span><span style=\"background-color: var( --e-global-color-kadence8 ); color: var(--global-palette3); font-family: var(--global-body-font-family); font-weight: bold;\">Inteligencias M\u00faltiples, Inteligencia Reflexiva y de Auto-regulaci\u00f3n<\/span><span style=\"background-color: var( --e-global-color-kadence8 ); color: var(--global-palette3); font-family: var(--global-body-font-family);\">\u00a0por la Asociaci\u00f3n Educar para el Desarrollo humano<\/span><\/p><\/div>\t\t\t\t\t\t\t\t<\/div>\n\t\t\t\t<\/div>\n\t\t\t\t\t<\/div>\n\t\t<\/div>\n\t\t\t\t\t<\/div>\n\t\t<\/section>\n\t\t\t\t<section class=\"elementor-section elementor-inner-section elementor-element elementor-element-8f90c24 elementor-section-boxed elementor-section-height-default elementor-section-height-default\" data-id=\"8f90c24\" data-element_type=\"section\">\n\t\t\t\t\t\t<div class=\"elementor-container elementor-column-gap-default\">\n\t\t\t\t\t<div class=\"elementor-column elementor-col-50 elementor-inner-column elementor-element elementor-element-a3d9df6\" data-id=\"a3d9df6\" data-element_type=\"column\">\n\t\t\t<div class=\"elementor-widget-wrap elementor-element-populated\">\n\t\t\t\t\t\t<div class=\"elementor-element elementor-element-fb0bdda elementor-widget elementor-widget-text-editor\" data-id=\"fb0bdda\" data-element_type=\"widget\" data-widget_type=\"text-editor.default\">\n\t\t\t\t<div class=\"elementor-widget-container\">\n\t\t\t\t\t\t\t\t\t<p>Diciembre 06, 2011<\/p>\t\t\t\t\t\t\t\t<\/div>\n\t\t\t\t<\/div>\n\t\t\t\t\t<\/div>\n\t\t<\/div>\n\t\t\t\t<div class=\"elementor-column elementor-col-50 elementor-inner-column elementor-element elementor-element-d204431\" data-id=\"d204431\" data-element_type=\"column\">\n\t\t\t<div class=\"elementor-widget-wrap elementor-element-populated\">\n\t\t\t\t\t\t<div class=\"elementor-element elementor-element-94fd7b7 elementor-widget elementor-widget-text-editor\" data-id=\"94fd7b7\" data-element_type=\"widget\" data-widget_type=\"text-editor.default\">\n\t\t\t\t<div class=\"elementor-widget-container\">\n\t\t\t\t\t\t\t\t\t<div><p>Seminario sobre la <b>Reingener\u00eda de la Personalidad <\/b>por parte de FEPADE<\/p><\/div>\t\t\t\t\t\t\t\t<\/div>\n\t\t\t\t<\/div>\n\t\t\t\t\t<\/div>\n\t\t<\/div>\n\t\t\t\t\t<\/div>\n\t\t<\/section>\n\t\t\t\t<section class=\"elementor-section elementor-inner-section elementor-element elementor-element-64bdcb5 elementor-section-boxed elementor-section-height-default elementor-section-height-default\" data-id=\"64bdcb5\" data-element_type=\"section\">\n\t\t\t\t\t\t<div class=\"elementor-container elementor-column-gap-default\">\n\t\t\t\t\t<div class=\"elementor-column elementor-col-50 elementor-inner-column elementor-element elementor-element-a1470c9\" data-id=\"a1470c9\" data-element_type=\"column\">\n\t\t\t<div class=\"elementor-widget-wrap elementor-element-populated\">\n\t\t\t\t\t\t<div class=\"elementor-element elementor-element-51a1ef2 elementor-widget elementor-widget-text-editor\" data-id=\"51a1ef2\" data-element_type=\"widget\" data-widget_type=\"text-editor.default\">\n\t\t\t\t<div class=\"elementor-widget-container\">\n\t\t\t\t\t\t\t\t\t<p>Febrero 01, 2018<\/p>\t\t\t\t\t\t\t\t<\/div>\n\t\t\t\t<\/div>\n\t\t\t\t\t<\/div>\n\t\t<\/div>\n\t\t\t\t<div class=\"elementor-column elementor-col-50 elementor-inner-column elementor-element elementor-element-a25d78a\" data-id=\"a25d78a\" data-element_type=\"column\">\n\t\t\t<div class=\"elementor-widget-wrap elementor-element-populated\">\n\t\t\t\t\t\t<div class=\"elementor-element elementor-element-90f7bec elementor-widget elementor-widget-text-editor\" data-id=\"90f7bec\" data-element_type=\"widget\" data-widget_type=\"text-editor.default\">\n\t\t\t\t<div class=\"elementor-widget-container\">\n\t\t\t\t\t\t\t\t\t<div><p><span style=\"background-color: var( --e-global-color-kadence8 ); color: var(--global-palette3); font-family: var(--global-body-font-family);\">Curso sobre <b>Neurociencias y Liderazgo, Neuroliderazgo<\/b><\/span><span style=\"background-color: var( --e-global-color-kadence8 ); color: var(--global-palette3); font-family: var(--global-body-font-family);\">\u00a0por la Asociaci\u00f3n Educar para el Desarrollo Humano<\/span><\/p><\/div>\t\t\t\t\t\t\t\t<\/div>\n\t\t\t\t<\/div>\n\t\t\t\t\t<\/div>\n\t\t<\/div>\n\t\t\t\t\t<\/div>\n\t\t<\/section>\n\t\t\t\t<section class=\"elementor-section elementor-inner-section elementor-element elementor-element-75209b6 elementor-section-boxed elementor-section-height-default elementor-section-height-default\" data-id=\"75209b6\" data-element_type=\"section\">\n\t\t\t\t\t\t<div class=\"elementor-container elementor-column-gap-default\">\n\t\t\t\t\t<div class=\"elementor-column elementor-col-100 elementor-inner-column elementor-element elementor-element-91a6a90\" data-id=\"91a6a90\" data-element_type=\"column\">\n\t\t\t<div class=\"elementor-widget-wrap elementor-element-populated\">\n\t\t\t\t\t\t<div class=\"elementor-element elementor-element-45606b4 elementor-widget elementor-widget-heading\" data-id=\"45606b4\" data-element_type=\"widget\" data-widget_type=\"heading.default\">\n\t\t\t\t<div class=\"elementor-widget-container\">\n\t\t\t\t\t<h2 class=\"elementor-heading-title elementor-size-default\">Trayectoria Profesional<\/h2>\t\t\t\t<\/div>\n\t\t\t\t<\/div>\n\t\t\t\t<div class=\"elementor-element elementor-element-975e5ed elementor-widget elementor-widget-text-editor\" data-id=\"975e5ed\" data-element_type=\"widget\" data-widget_type=\"text-editor.default\">\n\t\t\t\t<div class=\"elementor-widget-container\">\n\t\t\t\t\t\t\t\t\t<p><b>Organizacional<\/b><\/p>\t\t\t\t\t\t\t\t<\/div>\n\t\t\t\t<\/div>\n\t\t\t\t\t<\/div>\n\t\t<\/div>\n\t\t\t\t\t<\/div>\n\t\t<\/section>\n\t\t\t\t<section class=\"elementor-section elementor-inner-section elementor-element elementor-element-99daae0 elementor-section-boxed elementor-section-height-default elementor-section-height-default\" data-id=\"99daae0\" data-element_type=\"section\">\n\t\t\t\t\t\t<div class=\"elementor-container elementor-column-gap-default\">\n\t\t\t\t\t<div class=\"elementor-column elementor-col-50 elementor-inner-column elementor-element elementor-element-fdb91b4\" data-id=\"fdb91b4\" data-element_type=\"column\">\n\t\t\t<div class=\"elementor-widget-wrap elementor-element-populated\">\n\t\t\t\t\t\t<div class=\"elementor-element elementor-element-e7c8a11 elementor-widget elementor-widget-text-editor\" data-id=\"e7c8a11\" data-element_type=\"widget\" data-widget_type=\"text-editor.default\">\n\t\t\t\t<div class=\"elementor-widget-container\">\n\t\t\t\t\t\t\t\t\t<p>Agosto 21, 1992 &#8211; Actualidad<\/p>\t\t\t\t\t\t\t\t<\/div>\n\t\t\t\t<\/div>\n\t\t\t\t\t<\/div>\n\t\t<\/div>\n\t\t\t\t<div class=\"elementor-column elementor-col-50 elementor-inner-column elementor-element elementor-element-590d1c0\" data-id=\"590d1c0\" data-element_type=\"column\">\n\t\t\t<div class=\"elementor-widget-wrap elementor-element-populated\">\n\t\t\t\t\t\t<div class=\"elementor-element elementor-element-1215069 elementor-widget elementor-widget-text-editor\" data-id=\"1215069\" data-element_type=\"widget\" data-widget_type=\"text-editor.default\">\n\t\t\t\t<div class=\"elementor-widget-container\">\n\t\t\t\t\t\t\t\t\t<p>Consejo Nacional de la Judicatura desempe\u00f1ando dos cargos : <b>Jefatura de la unidad t\u00e9cnica de Investigaci\u00f3n y Evaluaci\u00f3n<\/b> de la conducta Psicosocial y <b>Psic\u00f3loga de selecci\u00f3n del personal Judicial<\/b> y Administrativo con Enfoque por Competencias<\/p>\t\t\t\t\t\t\t\t<\/div>\n\t\t\t\t<\/div>\n\t\t\t\t\t<\/div>\n\t\t<\/div>\n\t\t\t\t\t<\/div>\n\t\t<\/section>\n\t\t\t\t<section class=\"elementor-section elementor-inner-section elementor-element elementor-element-875f153 elementor-section-boxed elementor-section-height-default elementor-section-height-default\" data-id=\"875f153\" data-element_type=\"section\">\n\t\t\t\t\t\t<div class=\"elementor-container elementor-column-gap-default\">\n\t\t\t\t\t<div class=\"elementor-column elementor-col-50 elementor-inner-column elementor-element elementor-element-6fce01c\" data-id=\"6fce01c\" data-element_type=\"column\">\n\t\t\t<div class=\"elementor-widget-wrap elementor-element-populated\">\n\t\t\t\t\t\t<div class=\"elementor-element elementor-element-513a077 elementor-widget elementor-widget-text-editor\" data-id=\"513a077\" data-element_type=\"widget\" data-widget_type=\"text-editor.default\">\n\t\t\t\t<div class=\"elementor-widget-container\">\n\t\t\t\t\t\t\t\t\t<p>1998 &#8211; 2000<\/p>\t\t\t\t\t\t\t\t<\/div>\n\t\t\t\t<\/div>\n\t\t\t\t\t<\/div>\n\t\t<\/div>\n\t\t\t\t<div class=\"elementor-column elementor-col-50 elementor-inner-column elementor-element elementor-element-bc2ffb0\" data-id=\"bc2ffb0\" data-element_type=\"column\">\n\t\t\t<div class=\"elementor-widget-wrap elementor-element-populated\">\n\t\t\t\t\t\t<div class=\"elementor-element elementor-element-d23a447 elementor-widget elementor-widget-text-editor\" data-id=\"d23a447\" data-element_type=\"widget\" data-widget_type=\"text-editor.default\">\n\t\t\t\t<div class=\"elementor-widget-container\">\n\t\t\t\t\t\t\t\t\t<p><b>Coordinadora <\/b>del Area de Selecci\u00f3n de Personal, <b>Psic\u00f3loga Capacitadora y Consejer\u00eda Laboral <\/b>en Banco Salvadore\u00f1o (Davivienda)<\/p>\t\t\t\t\t\t\t\t<\/div>\n\t\t\t\t<\/div>\n\t\t\t\t\t<\/div>\n\t\t<\/div>\n\t\t\t\t\t<\/div>\n\t\t<\/section>\n\t\t\t\t<section class=\"elementor-section elementor-inner-section elementor-element elementor-element-daabc31 elementor-section-boxed elementor-section-height-default elementor-section-height-default\" data-id=\"daabc31\" data-element_type=\"section\">\n\t\t\t\t\t\t<div class=\"elementor-container elementor-column-gap-default\">\n\t\t\t\t\t<div class=\"elementor-column elementor-col-50 elementor-inner-column elementor-element elementor-element-2a32c6e\" data-id=\"2a32c6e\" data-element_type=\"column\">\n\t\t\t<div class=\"elementor-widget-wrap elementor-element-populated\">\n\t\t\t\t\t\t<div class=\"elementor-element elementor-element-e6710e2 elementor-widget elementor-widget-text-editor\" data-id=\"e6710e2\" data-element_type=\"widget\" data-widget_type=\"text-editor.default\">\n\t\t\t\t<div class=\"elementor-widget-container\">\n\t\t\t\t\t\t\t\t\t<p>1992 &#8211; 1998<\/p>\t\t\t\t\t\t\t\t<\/div>\n\t\t\t\t<\/div>\n\t\t\t\t\t<\/div>\n\t\t<\/div>\n\t\t\t\t<div class=\"elementor-column elementor-col-50 elementor-inner-column elementor-element elementor-element-bbb35ce\" data-id=\"bbb35ce\" data-element_type=\"column\">\n\t\t\t<div class=\"elementor-widget-wrap elementor-element-populated\">\n\t\t\t\t\t\t<div class=\"elementor-element elementor-element-feef554 elementor-widget elementor-widget-text-editor\" data-id=\"feef554\" data-element_type=\"widget\" data-widget_type=\"text-editor.default\">\n\t\t\t\t<div class=\"elementor-widget-container\">\n\t\t\t\t\t\t\t\t\t<p><b>Jefatura de la Unidad T\u00e9cnica de Psicolog\u00eda<\/b>, ingresando como Psic\u00f3loga de Consulta Externa y de los servicios de Medicina y Cirug\u00eda (hombre y mujeres) y Evaluadora de Personal, Capacitadora y Colaboradora de la secci\u00f3n de Investigaci\u00f3n de Ense\u00f1anza M\u00e9dica.<\/p>\t\t\t\t\t\t\t\t<\/div>\n\t\t\t\t<\/div>\n\t\t\t\t\t<\/div>\n\t\t<\/div>\n\t\t\t\t\t<\/div>\n\t\t<\/section>\n\t\t\t\t<section class=\"elementor-section elementor-inner-section elementor-element elementor-element-359044d elementor-section-boxed elementor-section-height-default elementor-section-height-default\" data-id=\"359044d\" data-element_type=\"section\">\n\t\t\t\t\t\t<div class=\"elementor-container elementor-column-gap-default\">\n\t\t\t\t\t<div class=\"elementor-column elementor-col-50 elementor-inner-column elementor-element elementor-element-1305a04\" data-id=\"1305a04\" data-element_type=\"column\">\n\t\t\t<div class=\"elementor-widget-wrap elementor-element-populated\">\n\t\t\t\t\t\t<div class=\"elementor-element elementor-element-1a625a7 elementor-widget elementor-widget-text-editor\" data-id=\"1a625a7\" data-element_type=\"widget\" data-widget_type=\"text-editor.default\">\n\t\t\t\t<div class=\"elementor-widget-container\">\n\t\t\t\t\t\t\t\t\t<p>1992 &#8211; 1994<\/p>\t\t\t\t\t\t\t\t<\/div>\n\t\t\t\t<\/div>\n\t\t\t\t\t<\/div>\n\t\t<\/div>\n\t\t\t\t<div class=\"elementor-column elementor-col-50 elementor-inner-column elementor-element elementor-element-4dd80e8\" data-id=\"4dd80e8\" data-element_type=\"column\">\n\t\t\t<div class=\"elementor-widget-wrap elementor-element-populated\">\n\t\t\t\t\t\t<div class=\"elementor-element elementor-element-29e96cf elementor-widget elementor-widget-text-editor\" data-id=\"29e96cf\" data-element_type=\"widget\" data-widget_type=\"text-editor.default\">\n\t\t\t\t<div class=\"elementor-widget-container\">\n\t\t\t\t\t\t\t\t\t<p>Centro de Readaptaci\u00f3n para Menores Rosa Virginia Pelletier como <b>Psic\u00f3loga Orientadora de Menores<\/b> (medio tiempo)<\/p>\t\t\t\t\t\t\t\t<\/div>\n\t\t\t\t<\/div>\n\t\t\t\t\t<\/div>\n\t\t<\/div>\n\t\t\t\t\t<\/div>\n\t\t<\/section>\n\t\t\t\t<section class=\"elementor-section elementor-inner-section elementor-element elementor-element-9f8efc5 elementor-section-boxed elementor-section-height-default elementor-section-height-default\" data-id=\"9f8efc5\" data-element_type=\"section\">\n\t\t\t\t\t\t<div class=\"elementor-container elementor-column-gap-default\">\n\t\t\t\t\t<div class=\"elementor-column elementor-col-50 elementor-inner-column elementor-element elementor-element-14d0202\" data-id=\"14d0202\" data-element_type=\"column\">\n\t\t\t<div class=\"elementor-widget-wrap elementor-element-populated\">\n\t\t\t\t\t\t<div class=\"elementor-element elementor-element-9010be3 elementor-widget elementor-widget-text-editor\" data-id=\"9010be3\" data-element_type=\"widget\" data-widget_type=\"text-editor.default\">\n\t\t\t\t<div class=\"elementor-widget-container\">\n\t\t\t\t\t\t\t\t\t<p>1991 &#8211; 1992<\/p>\t\t\t\t\t\t\t\t<\/div>\n\t\t\t\t<\/div>\n\t\t\t\t\t<\/div>\n\t\t<\/div>\n\t\t\t\t<div class=\"elementor-column elementor-col-50 elementor-inner-column elementor-element elementor-element-06ffe10\" data-id=\"06ffe10\" data-element_type=\"column\">\n\t\t\t<div class=\"elementor-widget-wrap elementor-element-populated\">\n\t\t\t\t\t\t<div class=\"elementor-element elementor-element-6118e3e elementor-widget elementor-widget-text-editor\" data-id=\"6118e3e\" data-element_type=\"widget\" data-widget_type=\"text-editor.default\">\n\t\t\t\t<div class=\"elementor-widget-container\">\n\t\t\t\t\t\t\t\t\t<p>Representaci\u00f3n-Distribuciones LGD desempe\u00f1ando el rol de <b>Asistente de Recursos Humanos<\/b><\/p>\t\t\t\t\t\t\t\t<\/div>\n\t\t\t\t<\/div>\n\t\t\t\t\t<\/div>\n\t\t<\/div>\n\t\t\t\t\t<\/div>\n\t\t<\/section>\n\t\t\t\t<div class=\"elementor-element elementor-element-9bdaaf4 elementor-widget elementor-widget-text-editor\" data-id=\"9bdaaf4\" data-element_type=\"widget\" data-widget_type=\"text-editor.default\">\n\t\t\t\t<div class=\"elementor-widget-container\">\n\t\t\t\t\t\t\t\t\t<p><b>Privada<\/b><\/p>\t\t\t\t\t\t\t\t<\/div>\n\t\t\t\t<\/div>\n\t\t\t\t<section class=\"elementor-section elementor-inner-section elementor-element elementor-element-3246847 elementor-section-boxed elementor-section-height-default elementor-section-height-default\" data-id=\"3246847\" data-element_type=\"section\">\n\t\t\t\t\t\t<div class=\"elementor-container elementor-column-gap-default\">\n\t\t\t\t\t<div class=\"elementor-column elementor-col-50 elementor-inner-column elementor-element elementor-element-64291d6\" data-id=\"64291d6\" data-element_type=\"column\">\n\t\t\t<div class=\"elementor-widget-wrap elementor-element-populated\">\n\t\t\t\t\t\t<div class=\"elementor-element elementor-element-a96693f elementor-widget elementor-widget-text-editor\" data-id=\"a96693f\" data-element_type=\"widget\" data-widget_type=\"text-editor.default\">\n\t\t\t\t<div class=\"elementor-widget-container\">\n\t\t\t\t\t\t\t\t\t<p>1992 &#8211; Actualidad<\/p>\t\t\t\t\t\t\t\t<\/div>\n\t\t\t\t<\/div>\n\t\t\t\t\t<\/div>\n\t\t<\/div>\n\t\t\t\t<div class=\"elementor-column elementor-col-50 elementor-inner-column elementor-element elementor-element-7f62a96\" data-id=\"7f62a96\" data-element_type=\"column\">\n\t\t\t<div class=\"elementor-widget-wrap elementor-element-populated\">\n\t\t\t\t\t\t<div class=\"elementor-element elementor-element-77459d3 elementor-widget elementor-widget-text-editor\" data-id=\"77459d3\" data-element_type=\"widget\" data-widget_type=\"text-editor.default\">\n\t\t\t\t<div class=\"elementor-widget-container\">\n\t\t\t\t\t\t\t\t\t<p><b>Consejer\u00eda Cl\u00ednica en consultorio privado<\/b> efectuando la atenci\u00f3n de consultantes en las modalidades de terapia individual, conyugales y familiares, atendiendo personas adolescentes hasta adultos mayores.<\/p>\t\t\t\t\t\t\t\t<\/div>\n\t\t\t\t<\/div>\n\t\t\t\t\t<\/div>\n\t\t<\/div>\n\t\t\t\t\t<\/div>\n\t\t<\/section>\n\t\t\t\t<section class=\"elementor-section elementor-inner-section elementor-element elementor-element-504a4e4 elementor-section-boxed elementor-section-height-default elementor-section-height-default\" data-id=\"504a4e4\" data-element_type=\"section\">\n\t\t\t\t\t\t<div class=\"elementor-container elementor-column-gap-default\">\n\t\t\t\t\t<div class=\"elementor-column elementor-col-50 elementor-inner-column elementor-element elementor-element-5aaa16d\" data-id=\"5aaa16d\" data-element_type=\"column\">\n\t\t\t<div class=\"elementor-widget-wrap elementor-element-populated\">\n\t\t\t\t\t\t<div class=\"elementor-element elementor-element-bde7756 elementor-widget elementor-widget-text-editor\" data-id=\"bde7756\" data-element_type=\"widget\" data-widget_type=\"text-editor.default\">\n\t\t\t\t<div class=\"elementor-widget-container\">\n\t\t\t\t\t\t\t\t\t<p>&#8211;<\/p>\t\t\t\t\t\t\t\t<\/div>\n\t\t\t\t<\/div>\n\t\t\t\t\t<\/div>\n\t\t<\/div>\n\t\t\t\t<div class=\"elementor-column elementor-col-50 elementor-inner-column elementor-element elementor-element-f1fd362\" data-id=\"f1fd362\" data-element_type=\"column\">\n\t\t\t<div class=\"elementor-widget-wrap elementor-element-populated\">\n\t\t\t\t\t\t<div class=\"elementor-element elementor-element-94c2d1b elementor-widget elementor-widget-text-editor\" data-id=\"94c2d1b\" data-element_type=\"widget\" data-widget_type=\"text-editor.default\">\n\t\t\t\t<div class=\"elementor-widget-container\">\n\t\t\t\t\t\t\t\t\t<p><b>Psic\u00f3loga Evaluadora de salud mental <\/b>para la elaboraci\u00f3n de informes cl\u00ednicos a presentarse para distintas compa\u00f1ias m\u00e9dicas y Capacitadora sobre diversos temas orientativos-organizacionales.<\/p>\t\t\t\t\t\t\t\t<\/div>\n\t\t\t\t<\/div>\n\t\t\t\t\t<\/div>\n\t\t<\/div>\n\t\t\t\t\t<\/div>\n\t\t<\/section>\n\t\t\t\t<section class=\"elementor-section elementor-inner-section elementor-element elementor-element-9564c48 elementor-section-boxed elementor-section-height-default elementor-section-height-default\" data-id=\"9564c48\" data-element_type=\"section\">\n\t\t\t\t\t\t<div class=\"elementor-container elementor-column-gap-default\">\n\t\t\t\t\t<div class=\"elementor-column elementor-col-50 elementor-inner-column elementor-element elementor-element-0a7bb9b\" data-id=\"0a7bb9b\" data-element_type=\"column\">\n\t\t\t<div class=\"elementor-widget-wrap elementor-element-populated\">\n\t\t\t\t\t\t<div class=\"elementor-element elementor-element-27b0017 elementor-widget elementor-widget-text-editor\" data-id=\"27b0017\" data-element_type=\"widget\" data-widget_type=\"text-editor.default\">\n\t\t\t\t<div class=\"elementor-widget-container\">\n\t\t\t\t\t\t\t\t\t<p>&#8211;<\/p>\t\t\t\t\t\t\t\t<\/div>\n\t\t\t\t<\/div>\n\t\t\t\t\t<\/div>\n\t\t<\/div>\n\t\t\t\t<div class=\"elementor-column elementor-col-50 elementor-inner-column elementor-element elementor-element-508cd6f\" data-id=\"508cd6f\" data-element_type=\"column\">\n\t\t\t<div class=\"elementor-widget-wrap elementor-element-populated\">\n\t\t\t\t\t\t<div class=\"elementor-element elementor-element-a5a93da elementor-widget elementor-widget-text-editor\" data-id=\"a5a93da\" data-element_type=\"widget\" data-widget_type=\"text-editor.default\">\n\t\t\t\t<div class=\"elementor-widget-container\">\n\t\t\t\t\t\t\t\t\t<p><b>Psic\u00f3loga Consultora<\/b> para distintas Organizaciones Privadas y ONG (financiadas por la Uni\u00f3n Europea), en d\u00f3nde fueron requeridas valoraciones t\u00e9cnicas sobre Selecci\u00f3n de Personal con Enfoque por Competencias (b\u00fasqueda de talentos) y Psicolog\u00eda Organizacional.\u00a0<\/p>\t\t\t\t\t\t\t\t<\/div>\n\t\t\t\t<\/div>\n\t\t\t\t\t<\/div>\n\t\t<\/div>\n\t\t\t\t\t<\/div>\n\t\t<\/section>\n\t\t\t\t<section class=\"elementor-section elementor-inner-section elementor-element elementor-element-ce1c431 elementor-section-boxed elementor-section-height-default elementor-section-height-default\" data-id=\"ce1c431\" data-element_type=\"section\">\n\t\t\t\t\t\t<div class=\"elementor-container elementor-column-gap-default\">\n\t\t\t\t\t<div class=\"elementor-column elementor-col-50 elementor-inner-column elementor-element elementor-element-d1a937f\" data-id=\"d1a937f\" data-element_type=\"column\">\n\t\t\t<div class=\"elementor-widget-wrap elementor-element-populated\">\n\t\t\t\t\t\t<div class=\"elementor-element elementor-element-fe6fe3c elementor-widget elementor-widget-text-editor\" data-id=\"fe6fe3c\" data-element_type=\"widget\" data-widget_type=\"text-editor.default\">\n\t\t\t\t<div class=\"elementor-widget-container\">\n\t\t\t\t\t\t\t\t\t<p>&#8211;<\/p>\t\t\t\t\t\t\t\t<\/div>\n\t\t\t\t<\/div>\n\t\t\t\t\t<\/div>\n\t\t<\/div>\n\t\t\t\t<div class=\"elementor-column elementor-col-50 elementor-inner-column elementor-element elementor-element-7a129aa\" data-id=\"7a129aa\" data-element_type=\"column\">\n\t\t\t<div class=\"elementor-widget-wrap elementor-element-populated\">\n\t\t\t\t\t\t<div class=\"elementor-element elementor-element-4f223b9 elementor-widget elementor-widget-text-editor\" data-id=\"4f223b9\" data-element_type=\"widget\" data-widget_type=\"text-editor.default\">\n\t\t\t\t<div class=\"elementor-widget-container\">\n\t\t\t\t\t\t\t\t\t<p>Colaboradora de columnas period\u00edsticas y para otros medios de comunicaci\u00f3n masiva como por ejemplo El Diario de Hoy.<\/p>\t\t\t\t\t\t\t\t<\/div>\n\t\t\t\t<\/div>\n\t\t\t\t\t<\/div>\n\t\t<\/div>\n\t\t\t\t\t<\/div>\n\t\t<\/section>\n\t\t\t\t<div class=\"elementor-element elementor-element-2cce723 elementor-widget elementor-widget-spacer\" data-id=\"2cce723\" data-element_type=\"widget\" data-widget_type=\"spacer.default\">\n\t\t\t\t<div class=\"elementor-widget-container\">\n\t\t\t\t\t\t\t<div class=\"elementor-spacer\">\n\t\t\t<div class=\"elementor-spacer-inner\"><\/div>\n\t\t<\/div>\n\t\t\t\t\t\t<\/div>\n\t\t\t\t<\/div>\n\t\t\t\t<section class=\"elementor-section elementor-inner-section elementor-element elementor-element-cbe73b3 elementor-section-boxed elementor-section-height-default elementor-section-height-default\" data-id=\"cbe73b3\" data-element_type=\"section\">\n\t\t\t\t\t\t<div class=\"elementor-container elementor-column-gap-default\">\n\t\t\t\t\t<div class=\"elementor-column elementor-col-100 elementor-inner-column elementor-element elementor-element-081040d\" data-id=\"081040d\" data-element_type=\"column\">\n\t\t\t<div class=\"elementor-widget-wrap elementor-element-populated\">\n\t\t\t\t\t\t<div class=\"elementor-element elementor-element-08e7661 elementor-widget elementor-widget-heading\" data-id=\"08e7661\" data-element_type=\"widget\" data-widget_type=\"heading.default\">\n\t\t\t\t<div class=\"elementor-widget-container\">\n\t\t\t\t\t<h2 class=\"elementor-heading-title elementor-size-default\">Diplomados y Reconocimientos<\/h2>\t\t\t\t<\/div>\n\t\t\t\t<\/div>\n\t\t\t\t\t<\/div>\n\t\t<\/div>\n\t\t\t\t\t<\/div>\n\t\t<\/section>\n\t\t\t\t<section class=\"elementor-section elementor-inner-section elementor-element elementor-element-8bb6a6a elementor-section-boxed elementor-section-height-default elementor-section-height-default\" data-id=\"8bb6a6a\" data-element_type=\"section\">\n\t\t\t\t\t\t<div class=\"elementor-container elementor-column-gap-default\">\n\t\t\t\t\t<div class=\"elementor-column elementor-col-50 elementor-inner-column elementor-element elementor-element-15edb95\" data-id=\"15edb95\" data-element_type=\"column\">\n\t\t\t<div class=\"elementor-widget-wrap elementor-element-populated\">\n\t\t\t\t\t\t<div class=\"elementor-element elementor-element-2f21f94 elementor-widget elementor-widget-text-editor\" data-id=\"2f21f94\" data-element_type=\"widget\" data-widget_type=\"text-editor.default\">\n\t\t\t\t<div class=\"elementor-widget-container\">\n\t\t\t\t\t\t\t\t\t<p>Marzo 26, 1993<\/p>\t\t\t\t\t\t\t\t<\/div>\n\t\t\t\t<\/div>\n\t\t\t\t\t<\/div>\n\t\t<\/div>\n\t\t\t\t<div class=\"elementor-column elementor-col-50 elementor-inner-column elementor-element elementor-element-43f60f5\" data-id=\"43f60f5\" data-element_type=\"column\">\n\t\t\t<div class=\"elementor-widget-wrap elementor-element-populated\">\n\t\t\t\t\t\t<div class=\"elementor-element elementor-element-d66759e elementor-widget elementor-widget-text-editor\" data-id=\"d66759e\" data-element_type=\"widget\" data-widget_type=\"text-editor.default\">\n\t\t\t\t<div class=\"elementor-widget-container\">\n\t\t\t\t\t\t\t\t\t<p><span style=\"background-color: var( --e-global-color-kadence8 ); color: var(--global-palette3); font-family: var(--global-body-font-family);\"><span style=\"font-weight: bold;\">Inscripci\u00f3n al Registro de Profesionales en Psicolog\u00eda<\/span>\u00a0con el n. 736 por parte de la\u00a0<\/span><span style=\"color: var(--global-palette3); font-family: var(--global-body-font-family); background-color: var( --e-global-color-kadence8 );\">Junta de Vigilancia de la Profesi\u00f3n en Psicolog\u00eda<\/span><\/p>\t\t\t\t\t\t\t\t<\/div>\n\t\t\t\t<\/div>\n\t\t\t\t\t<\/div>\n\t\t<\/div>\n\t\t\t\t\t<\/div>\n\t\t<\/section>\n\t\t\t\t<section class=\"elementor-section elementor-inner-section elementor-element elementor-element-1aab025 elementor-section-boxed elementor-section-height-default elementor-section-height-default\" data-id=\"1aab025\" data-element_type=\"section\">\n\t\t\t\t\t\t<div class=\"elementor-container elementor-column-gap-default\">\n\t\t\t\t\t<div class=\"elementor-column elementor-col-50 elementor-inner-column elementor-element elementor-element-7f86470\" data-id=\"7f86470\" data-element_type=\"column\">\n\t\t\t<div class=\"elementor-widget-wrap elementor-element-populated\">\n\t\t\t\t\t\t<div class=\"elementor-element elementor-element-f575f12 elementor-widget elementor-widget-text-editor\" data-id=\"f575f12\" data-element_type=\"widget\" data-widget_type=\"text-editor.default\">\n\t\t\t\t<div class=\"elementor-widget-container\">\n\t\t\t\t\t\t\t\t\t<p>Noviembre 26, 1993<\/p>\t\t\t\t\t\t\t\t<\/div>\n\t\t\t\t<\/div>\n\t\t\t\t\t<\/div>\n\t\t<\/div>\n\t\t\t\t<div class=\"elementor-column elementor-col-50 elementor-inner-column elementor-element elementor-element-e6082cd\" data-id=\"e6082cd\" data-element_type=\"column\">\n\t\t\t<div class=\"elementor-widget-wrap elementor-element-populated\">\n\t\t\t\t\t\t<div class=\"elementor-element elementor-element-86d6d72 elementor-widget elementor-widget-text-editor\" data-id=\"86d6d72\" data-element_type=\"widget\" data-widget_type=\"text-editor.default\">\n\t\t\t\t<div class=\"elementor-widget-container\">\n\t\t\t\t\t\t\t\t\t<p><span style=\"background-color: var( --e-global-color-kadence8 ); color: var(--global-palette3); font-family: var(--global-body-font-family);\">Taller de\u00a0<\/span><span style=\"font-weight: bold; background-color: var( --e-global-color-kadence8 ); color: var(--global-palette3); font-family: var(--global-body-font-family);\">Desarrollo Humano<\/span><span style=\"background-color: var( --e-global-color-kadence8 ); color: var(--global-palette3); font-family: var(--global-body-font-family);\">\u00a0por parte del Ministerio de Salud P\u00fablica y Asistencia Social<\/span><\/p>\t\t\t\t\t\t\t\t<\/div>\n\t\t\t\t<\/div>\n\t\t\t\t\t<\/div>\n\t\t<\/div>\n\t\t\t\t\t<\/div>\n\t\t<\/section>\n\t\t\t\t<section class=\"elementor-section elementor-inner-section elementor-element elementor-element-6345d5a elementor-section-boxed elementor-section-height-default elementor-section-height-default\" data-id=\"6345d5a\" data-element_type=\"section\">\n\t\t\t\t\t\t<div class=\"elementor-container elementor-column-gap-default\">\n\t\t\t\t\t<div class=\"elementor-column elementor-col-50 elementor-inner-column elementor-element elementor-element-4c967c3\" data-id=\"4c967c3\" data-element_type=\"column\">\n\t\t\t<div class=\"elementor-widget-wrap elementor-element-populated\">\n\t\t\t\t\t\t<div class=\"elementor-element elementor-element-f78973b elementor-widget elementor-widget-text-editor\" data-id=\"f78973b\" data-element_type=\"widget\" data-widget_type=\"text-editor.default\">\n\t\t\t\t<div class=\"elementor-widget-container\">\n\t\t\t\t\t\t\t\t\t<p>Diciembre 17, 1997<\/p>\t\t\t\t\t\t\t\t<\/div>\n\t\t\t\t<\/div>\n\t\t\t\t\t<\/div>\n\t\t<\/div>\n\t\t\t\t<div class=\"elementor-column elementor-col-50 elementor-inner-column elementor-element elementor-element-9d6ddc4\" data-id=\"9d6ddc4\" data-element_type=\"column\">\n\t\t\t<div class=\"elementor-widget-wrap elementor-element-populated\">\n\t\t\t\t\t\t<div class=\"elementor-element elementor-element-02d648d elementor-widget elementor-widget-text-editor\" data-id=\"02d648d\" data-element_type=\"widget\" data-widget_type=\"text-editor.default\">\n\t\t\t\t<div class=\"elementor-widget-container\">\n\t\t\t\t\t\t\t\t\t<p><span style=\"background-color: var( --e-global-color-kadence8 ); color: var(--global-palette3); font-family: var(--global-body-font-family);\">Certificado de Agradecimiento por parte del Hospital Nacional Rosales por su ponencia en Jornada Medico Educativa para Pacientes Diab\u00e9ticos<\/span><\/p>\t\t\t\t\t\t\t\t<\/div>\n\t\t\t\t<\/div>\n\t\t\t\t\t<\/div>\n\t\t<\/div>\n\t\t\t\t\t<\/div>\n\t\t<\/section>\n\t\t\t\t<section class=\"elementor-section elementor-inner-section elementor-element elementor-element-38500d6 elementor-section-boxed elementor-section-height-default elementor-section-height-default\" data-id=\"38500d6\" data-element_type=\"section\">\n\t\t\t\t\t\t<div class=\"elementor-container elementor-column-gap-default\">\n\t\t\t\t\t<div class=\"elementor-column elementor-col-50 elementor-inner-column elementor-element elementor-element-57a80dc\" data-id=\"57a80dc\" data-element_type=\"column\">\n\t\t\t<div class=\"elementor-widget-wrap elementor-element-populated\">\n\t\t\t\t\t\t<div class=\"elementor-element elementor-element-49487e4 elementor-widget elementor-widget-text-editor\" data-id=\"49487e4\" data-element_type=\"widget\" data-widget_type=\"text-editor.default\">\n\t\t\t\t<div class=\"elementor-widget-container\">\n\t\t\t\t\t\t\t\t\t<p>Septiembre 25, 1998<\/p>\t\t\t\t\t\t\t\t<\/div>\n\t\t\t\t<\/div>\n\t\t\t\t\t<\/div>\n\t\t<\/div>\n\t\t\t\t<div class=\"elementor-column elementor-col-50 elementor-inner-column elementor-element elementor-element-432d84b\" data-id=\"432d84b\" data-element_type=\"column\">\n\t\t\t<div class=\"elementor-widget-wrap elementor-element-populated\">\n\t\t\t\t\t\t<div class=\"elementor-element elementor-element-9afe8b2 elementor-widget elementor-widget-text-editor\" data-id=\"9afe8b2\" data-element_type=\"widget\" data-widget_type=\"text-editor.default\">\n\t\t\t\t<div class=\"elementor-widget-container\">\n\t\t\t\t\t\t\t\t\t<p>Seminario de\u00a0<span style=\"font-weight: bold;\">Consejer\u00eda Laboral<\/span>\u00a0por parte de FEPADE, 25 Septiembre 1998<span style=\"background-color: var( --e-global-color-kadence8 ); color: var(--global-palette3); font-family: var(--global-body-font-family);\">\u00a0<\/span><\/p>\t\t\t\t\t\t\t\t<\/div>\n\t\t\t\t<\/div>\n\t\t\t\t\t<\/div>\n\t\t<\/div>\n\t\t\t\t\t<\/div>\n\t\t<\/section>\n\t\t\t\t<section class=\"elementor-section elementor-inner-section elementor-element elementor-element-5f1655c elementor-section-boxed elementor-section-height-default elementor-section-height-default\" data-id=\"5f1655c\" data-element_type=\"section\">\n\t\t\t\t\t\t<div class=\"elementor-container elementor-column-gap-default\">\n\t\t\t\t\t<div class=\"elementor-column elementor-col-50 elementor-inner-column elementor-element elementor-element-1bafc2c\" data-id=\"1bafc2c\" data-element_type=\"column\">\n\t\t\t<div class=\"elementor-widget-wrap elementor-element-populated\">\n\t\t\t\t\t\t<div class=\"elementor-element elementor-element-57e8b02 elementor-widget elementor-widget-text-editor\" data-id=\"57e8b02\" data-element_type=\"widget\" data-widget_type=\"text-editor.default\">\n\t\t\t\t<div class=\"elementor-widget-container\">\n\t\t\t\t\t\t\t\t\t<p>Junio 17, 2005<\/p>\t\t\t\t\t\t\t\t<\/div>\n\t\t\t\t<\/div>\n\t\t\t\t\t<\/div>\n\t\t<\/div>\n\t\t\t\t<div class=\"elementor-column elementor-col-50 elementor-inner-column elementor-element elementor-element-1b2c32a\" data-id=\"1b2c32a\" data-element_type=\"column\">\n\t\t\t<div class=\"elementor-widget-wrap elementor-element-populated\">\n\t\t\t\t\t\t<div class=\"elementor-element elementor-element-095a3a8 elementor-widget elementor-widget-text-editor\" data-id=\"095a3a8\" data-element_type=\"widget\" data-widget_type=\"text-editor.default\">\n\t\t\t\t<div class=\"elementor-widget-container\">\n\t\t\t\t\t\t\t\t\t<p><span style=\"background-color: var( --e-global-color-kadence8 ); color: var(--global-palette3); font-family: var(--global-body-font-family);\">Diploma de Reconocimiento por haber sido capacitadora sobre \u00ab<\/span><span style=\"font-weight: bold; background-color: var( --e-global-color-kadence8 ); color: var(--global-palette3); font-family: var(--global-body-font-family);\">Equipos de Alto Rendimiento<\/span><span style=\"background-color: var( --e-global-color-kadence8 ); color: var(--global-palette3); font-family: var(--global-body-font-family);\">\u00bb parte del Consejo Nacional de la Judicatura<\/span><\/p>\t\t\t\t\t\t\t\t<\/div>\n\t\t\t\t<\/div>\n\t\t\t\t\t<\/div>\n\t\t<\/div>\n\t\t\t\t\t<\/div>\n\t\t<\/section>\n\t\t\t\t<section class=\"elementor-section elementor-inner-section elementor-element elementor-element-fef1e8b elementor-section-boxed elementor-section-height-default elementor-section-height-default\" data-id=\"fef1e8b\" data-element_type=\"section\">\n\t\t\t\t\t\t<div class=\"elementor-container elementor-column-gap-default\">\n\t\t\t\t\t<div class=\"elementor-column elementor-col-50 elementor-inner-column elementor-element elementor-element-a7da8be\" data-id=\"a7da8be\" data-element_type=\"column\">\n\t\t\t<div class=\"elementor-widget-wrap elementor-element-populated\">\n\t\t\t\t\t\t<div class=\"elementor-element elementor-element-6a586c6 elementor-widget elementor-widget-text-editor\" data-id=\"6a586c6\" data-element_type=\"widget\" data-widget_type=\"text-editor.default\">\n\t\t\t\t<div class=\"elementor-widget-container\">\n\t\t\t\t\t\t\t\t\t<p>Octubre 30, 2004<\/p>\t\t\t\t\t\t\t\t<\/div>\n\t\t\t\t<\/div>\n\t\t\t\t\t<\/div>\n\t\t<\/div>\n\t\t\t\t<div class=\"elementor-column elementor-col-50 elementor-inner-column elementor-element elementor-element-3c1089e\" data-id=\"3c1089e\" data-element_type=\"column\">\n\t\t\t<div class=\"elementor-widget-wrap elementor-element-populated\">\n\t\t\t\t\t\t<div class=\"elementor-element elementor-element-d5935f0 elementor-widget elementor-widget-text-editor\" data-id=\"d5935f0\" data-element_type=\"widget\" data-widget_type=\"text-editor.default\">\n\t\t\t\t<div class=\"elementor-widget-container\">\n\t\t\t\t\t\t\t\t\t<p>Diplomado por haber sido conferencista en \u00ab<span style=\"font-weight: bold;\">Enfoques Psicol\u00f3gicos Contempor\u00e1neos y de Vanguardia\u00bb<\/span>\u00a0en el V Congreso de Psicolog\u00eda por parte de la\u00a0<span style=\"background-color: var( --e-global-color-kadence8 ); color: var(--global-palette3); font-family: var(--global-body-font-family);\">Junta de Vigilancia de la Profesi\u00f3n en Psicolog\u00eda<\/span><\/p>\t\t\t\t\t\t\t\t<\/div>\n\t\t\t\t<\/div>\n\t\t\t\t\t<\/div>\n\t\t<\/div>\n\t\t\t\t\t<\/div>\n\t\t<\/section>\n\t\t\t\t<section class=\"elementor-section elementor-inner-section elementor-element elementor-element-dce4fd2 elementor-section-boxed elementor-section-height-default elementor-section-height-default\" data-id=\"dce4fd2\" data-element_type=\"section\">\n\t\t\t\t\t\t<div class=\"elementor-container elementor-column-gap-default\">\n\t\t\t\t\t<div class=\"elementor-column elementor-col-50 elementor-inner-column elementor-element elementor-element-1b450cb\" data-id=\"1b450cb\" data-element_type=\"column\">\n\t\t\t<div class=\"elementor-widget-wrap elementor-element-populated\">\n\t\t\t\t\t\t<div class=\"elementor-element elementor-element-d2e2f62 elementor-widget elementor-widget-text-editor\" data-id=\"d2e2f62\" data-element_type=\"widget\" data-widget_type=\"text-editor.default\">\n\t\t\t\t<div class=\"elementor-widget-container\">\n\t\t\t\t\t\t\t\t\t<p>Noviembre 30, 2004<\/p>\t\t\t\t\t\t\t\t<\/div>\n\t\t\t\t<\/div>\n\t\t\t\t\t<\/div>\n\t\t<\/div>\n\t\t\t\t<div class=\"elementor-column elementor-col-50 elementor-inner-column elementor-element elementor-element-696cff4\" data-id=\"696cff4\" data-element_type=\"column\">\n\t\t\t<div class=\"elementor-widget-wrap elementor-element-populated\">\n\t\t\t\t\t\t<div class=\"elementor-element elementor-element-1ccffe7 elementor-widget elementor-widget-text-editor\" data-id=\"1ccffe7\" data-element_type=\"widget\" data-widget_type=\"text-editor.default\">\n\t\t\t\t<div class=\"elementor-widget-container\">\n\t\t\t\t\t\t\t\t\t<p><span style=\"background-color: var( --e-global-color-kadence8 ); color: var(--global-palette3); font-family: var(--global-body-font-family);\">Seminario en Planeaci\u00f3n Estrat\u00e9gica por parte de FEPADE<\/span><\/p>\t\t\t\t\t\t\t\t<\/div>\n\t\t\t\t<\/div>\n\t\t\t\t\t<\/div>\n\t\t<\/div>\n\t\t\t\t\t<\/div>\n\t\t<\/section>\n\t\t\t\t<section class=\"elementor-section elementor-inner-section elementor-element elementor-element-796bb39 elementor-section-boxed elementor-section-height-default elementor-section-height-default\" data-id=\"796bb39\" data-element_type=\"section\">\n\t\t\t\t\t\t<div class=\"elementor-container elementor-column-gap-default\">\n\t\t\t\t\t<div class=\"elementor-column elementor-col-50 elementor-inner-column elementor-element elementor-element-92b9831\" data-id=\"92b9831\" data-element_type=\"column\">\n\t\t\t<div class=\"elementor-widget-wrap elementor-element-populated\">\n\t\t\t\t\t\t<div class=\"elementor-element elementor-element-1c910be elementor-widget elementor-widget-text-editor\" data-id=\"1c910be\" data-element_type=\"widget\" data-widget_type=\"text-editor.default\">\n\t\t\t\t<div class=\"elementor-widget-container\">\n\t\t\t\t\t\t\t\t\t<p>Julio 07, 2010<\/p>\t\t\t\t\t\t\t\t<\/div>\n\t\t\t\t<\/div>\n\t\t\t\t\t<\/div>\n\t\t<\/div>\n\t\t\t\t<div class=\"elementor-column elementor-col-50 elementor-inner-column elementor-element elementor-element-97fabe3\" data-id=\"97fabe3\" data-element_type=\"column\">\n\t\t\t<div class=\"elementor-widget-wrap elementor-element-populated\">\n\t\t\t\t\t\t<div class=\"elementor-element elementor-element-6ccf3f6 elementor-widget elementor-widget-text-editor\" data-id=\"6ccf3f6\" data-element_type=\"widget\" data-widget_type=\"text-editor.default\">\n\t\t\t\t<div class=\"elementor-widget-container\">\n\t\t\t\t\t\t\t\t\t<p>Participaci\u00f3n en el <b>Congreso Latinoamericano de Recursos Humanos <\/b>por parte de FEPADE<\/p>\t\t\t\t\t\t\t\t<\/div>\n\t\t\t\t<\/div>\n\t\t\t\t\t<\/div>\n\t\t<\/div>\n\t\t\t\t\t<\/div>\n\t\t<\/section>\n\t\t\t\t<section class=\"elementor-section elementor-inner-section elementor-element elementor-element-02b8d35 elementor-section-boxed elementor-section-height-default elementor-section-height-default\" data-id=\"02b8d35\" data-element_type=\"section\">\n\t\t\t\t\t\t<div class=\"elementor-container elementor-column-gap-default\">\n\t\t\t\t\t<div class=\"elementor-column elementor-col-50 elementor-inner-column elementor-element elementor-element-2900553\" data-id=\"2900553\" data-element_type=\"column\">\n\t\t\t<div class=\"elementor-widget-wrap elementor-element-populated\">\n\t\t\t\t\t\t<div class=\"elementor-element elementor-element-38ae522 elementor-widget elementor-widget-text-editor\" data-id=\"38ae522\" data-element_type=\"widget\" data-widget_type=\"text-editor.default\">\n\t\t\t\t<div class=\"elementor-widget-container\">\n\t\t\t\t\t\t\t\t\t<p><span style=\"color: var(--global-palette3); font-family: var(--global-body-font-family); background-color: var( --e-global-color-kadence8 );\">Diciembre 02, 2015<\/span><span style=\"color: var(--global-palette3); font-family: var(--global-body-font-family); background-color: var( --e-global-color-kadence8 );\">\u00a0<\/span><\/p>\t\t\t\t\t\t\t\t<\/div>\n\t\t\t\t<\/div>\n\t\t\t\t\t<\/div>\n\t\t<\/div>\n\t\t\t\t<div class=\"elementor-column elementor-col-50 elementor-inner-column elementor-element elementor-element-fd66f7d\" data-id=\"fd66f7d\" data-element_type=\"column\">\n\t\t\t<div class=\"elementor-widget-wrap elementor-element-populated\">\n\t\t\t\t\t\t<div class=\"elementor-element elementor-element-7d13a97 elementor-widget elementor-widget-text-editor\" data-id=\"7d13a97\" data-element_type=\"widget\" data-widget_type=\"text-editor.default\">\n\t\t\t\t<div class=\"elementor-widget-container\">\n\t\t\t\t\t\t\t\t\t<p><span style=\"color: var(--global-palette3); font-family: var(--global-body-font-family); background-color: var( --e-global-color-kadence8 );\">Diploma de Agradecimiento por haber sido capacitadora en ocho \u00ab<\/span><span style=\"color: var(--global-palette3); font-family: var(--global-body-font-family); font-weight: bold; background-color: var( --e-global-color-kadence8 );\">Talleres de Autocuido<\/span><span style=\"color: var(--global-palette3); font-family: var(--global-body-font-family); background-color: var( --e-global-color-kadence8 );\">\u00bb por parte del Consejo Nacional de la Judicatura<\/span><\/p>\t\t\t\t\t\t\t\t<\/div>\n\t\t\t\t<\/div>\n\t\t\t\t\t<\/div>\n\t\t<\/div>\n\t\t\t\t\t<\/div>\n\t\t<\/section>\n\t\t\t\t<section class=\"elementor-section elementor-inner-section elementor-element elementor-element-2414701 elementor-section-boxed elementor-section-height-default elementor-section-height-default\" data-id=\"2414701\" data-element_type=\"section\">\n\t\t\t\t\t\t<div class=\"elementor-container elementor-column-gap-default\">\n\t\t\t\t\t<div class=\"elementor-column elementor-col-50 elementor-inner-column elementor-element elementor-element-0d88d0a\" data-id=\"0d88d0a\" data-element_type=\"column\">\n\t\t\t<div class=\"elementor-widget-wrap elementor-element-populated\">\n\t\t\t\t\t\t<div class=\"elementor-element elementor-element-072f9e5 elementor-widget elementor-widget-text-editor\" data-id=\"072f9e5\" data-element_type=\"widget\" data-widget_type=\"text-editor.default\">\n\t\t\t\t<div class=\"elementor-widget-container\">\n\t\t\t\t\t\t\t\t\t<p>Junio 2018<\/p>\t\t\t\t\t\t\t\t<\/div>\n\t\t\t\t<\/div>\n\t\t\t\t\t<\/div>\n\t\t<\/div>\n\t\t\t\t<div class=\"elementor-column elementor-col-50 elementor-inner-column elementor-element elementor-element-a9f0c14\" data-id=\"a9f0c14\" data-element_type=\"column\">\n\t\t\t<div class=\"elementor-widget-wrap elementor-element-populated\">\n\t\t\t\t\t\t<div class=\"elementor-element elementor-element-35d3273 elementor-widget elementor-widget-text-editor\" data-id=\"35d3273\" data-element_type=\"widget\" data-widget_type=\"text-editor.default\">\n\t\t\t\t<div class=\"elementor-widget-container\">\n\t\t\t\t\t\t\t\t\t<p><span style=\"color: var(--global-palette3); font-family: var(--global-body-font-family); background-color: var( --e-global-color-kadence8 );\">Diploma de Agradecimiento por haber sido capacitadora en <\/span><span style=\"color: var(--global-palette3); font-family: var(--global-body-font-family); background-color: var( --e-global-color-kadence8 );\">\u00ab<b>Los Siete H\u00e1bitos de la Gente Altamente Efectiva y Administraci\u00f3n Efectiva del Tiempo<\/b>\u00bb por parte del Consejo Nacional de la Judicatura<\/span><\/p>\t\t\t\t\t\t\t\t<\/div>\n\t\t\t\t<\/div>\n\t\t\t\t\t<\/div>\n\t\t<\/div>\n\t\t\t\t\t<\/div>\n\t\t<\/section>\n\t\t\t\t<section class=\"elementor-section elementor-inner-section elementor-element elementor-element-3b9af0b elementor-section-boxed elementor-section-height-default elementor-section-height-default\" data-id=\"3b9af0b\" data-element_type=\"section\">\n\t\t\t\t\t\t<div class=\"elementor-container elementor-column-gap-default\">\n\t\t\t\t\t<div class=\"elementor-column elementor-col-50 elementor-inner-column elementor-element elementor-element-461818e\" data-id=\"461818e\" data-element_type=\"column\">\n\t\t\t<div class=\"elementor-widget-wrap elementor-element-populated\">\n\t\t\t\t\t\t<div class=\"elementor-element elementor-element-8015f3f elementor-widget elementor-widget-text-editor\" data-id=\"8015f3f\" data-element_type=\"widget\" data-widget_type=\"text-editor.default\">\n\t\t\t\t<div class=\"elementor-widget-container\">\n\t\t\t\t\t\t\t\t\t<p><span style=\"color: var(--global-palette3); font-family: var(--global-body-font-family); background-color: var( --e-global-color-kadence8 );\">Noviembre 2018<\/span><\/p>\t\t\t\t\t\t\t\t<\/div>\n\t\t\t\t<\/div>\n\t\t\t\t\t<\/div>\n\t\t<\/div>\n\t\t\t\t<div class=\"elementor-column elementor-col-50 elementor-inner-column elementor-element elementor-element-0ac6ad9\" data-id=\"0ac6ad9\" data-element_type=\"column\">\n\t\t\t<div class=\"elementor-widget-wrap elementor-element-populated\">\n\t\t\t\t\t\t<div class=\"elementor-element elementor-element-89d00c0 elementor-widget elementor-widget-text-editor\" data-id=\"89d00c0\" data-element_type=\"widget\" data-widget_type=\"text-editor.default\">\n\t\t\t\t<div class=\"elementor-widget-container\">\n\t\t\t\t\t\t\t\t\t<p>Diploma de Agradecimiento por impartir capacitaci\u00f3n sobre\u00a0<span style=\"font-weight: bold;\">Cultura Organizacional\u00a0<\/span>por parte del Consejo Nacional de la Judicatura\u00a0<\/p>\t\t\t\t\t\t\t\t<\/div>\n\t\t\t\t<\/div>\n\t\t\t\t\t<\/div>\n\t\t<\/div>\n\t\t\t\t\t<\/div>\n\t\t<\/section>\n\t\t\t\t<section class=\"elementor-section elementor-inner-section elementor-element elementor-element-e6f8502 elementor-section-boxed elementor-section-height-default elementor-section-height-default\" data-id=\"e6f8502\" data-element_type=\"section\">\n\t\t\t\t\t\t<div class=\"elementor-container elementor-column-gap-default\">\n\t\t\t\t\t<div class=\"elementor-column elementor-col-50 elementor-inner-column elementor-element elementor-element-75ffdf1\" data-id=\"75ffdf1\" data-element_type=\"column\">\n\t\t\t<div class=\"elementor-widget-wrap elementor-element-populated\">\n\t\t\t\t\t\t<div class=\"elementor-element elementor-element-fcdde8d elementor-widget elementor-widget-text-editor\" data-id=\"fcdde8d\" data-element_type=\"widget\" data-widget_type=\"text-editor.default\">\n\t\t\t\t<div class=\"elementor-widget-container\">\n\t\t\t\t\t\t\t\t\t<p><span style=\"color: var(--global-palette3); font-family: var(--global-body-font-family); background-color: var( --e-global-color-kadence8 );\">Noviembre 29, 2019<\/span><\/p>\t\t\t\t\t\t\t\t<\/div>\n\t\t\t\t<\/div>\n\t\t\t\t\t<\/div>\n\t\t<\/div>\n\t\t\t\t<div class=\"elementor-column elementor-col-50 elementor-inner-column elementor-element elementor-element-b395187\" data-id=\"b395187\" data-element_type=\"column\">\n\t\t\t<div class=\"elementor-widget-wrap elementor-element-populated\">\n\t\t\t\t\t\t<div class=\"elementor-element elementor-element-a41239d elementor-widget elementor-widget-text-editor\" data-id=\"a41239d\" data-element_type=\"widget\" data-widget_type=\"text-editor.default\">\n\t\t\t\t<div class=\"elementor-widget-container\">\n\t\t\t\t\t\t\t\t\t<p><span style=\"background-color: var( --e-global-color-kadence8 ); color: var(--global-palette3); font-family: var(--global-body-font-family);\">Diploma de Agradecimiento por<\/span><span style=\"background-color: var( --e-global-color-kadence8 ); color: var(--global-palette3); font-family: var(--global-body-font-family);\">\u00a0<\/span><span style=\"background-color: var( --e-global-color-kadence8 ); color: var(--global-palette3); font-family: var(--global-body-font-family); font-weight: bold;\">Etica en la Funci\u00f3n P\u00fablica\u00a0<\/span><span style=\"background-color: var( --e-global-color-kadence8 ); color: var(--global-palette3); font-family: var(--global-body-font-family);\">por parte del Consejo Nacional de la Judicatura<\/span><\/p>\t\t\t\t\t\t\t\t<\/div>\n\t\t\t\t<\/div>\n\t\t\t\t\t<\/div>\n\t\t<\/div>\n\t\t\t\t\t<\/div>\n\t\t<\/section>\n\t\t\t\t\t<\/div>\n\t\t<\/div>\n\t\t\t\t\t<\/div>\n\t\t<\/section>\n\t\t\t\t<section class=\"elementor-section elementor-top-section elementor-element elementor-element-49fbd0e elementor-section-boxed elementor-section-height-default elementor-section-height-default\" data-id=\"49fbd0e\" data-element_type=\"section\">\n\t\t\t\t\t\t<div class=\"elementor-container elementor-column-gap-default\">\n\t\t\t\t\t<div class=\"elementor-column elementor-col-100 elementor-top-column elementor-element elementor-element-664e4a7\" data-id=\"664e4a7\" data-element_type=\"column\">\n\t\t\t<div class=\"elementor-widget-wrap elementor-element-populated\">\n\t\t\t\t\t\t<div class=\"elementor-element elementor-element-5e9249e elementor-widget elementor-widget-spacer\" data-id=\"5e9249e\" data-element_type=\"widget\" data-widget_type=\"spacer.default\">\n\t\t\t\t<div class=\"elementor-widget-container\">\n\t\t\t\t\t\t\t<div class=\"elementor-spacer\">\n\t\t\t<div class=\"elementor-spacer-inner\"><\/div>\n\t\t<\/div>\n\t\t\t\t\t\t<\/div>\n\t\t\t\t<\/div>\n\t\t\t\t\t<\/div>\n\t\t<\/div>\n\t\t\t\t\t<\/div>\n\t\t<\/section>\n\t\t\t\t<section class=\"elementor-section elementor-top-section elementor-element elementor-element-06874d2 elementor-section-boxed elementor-section-height-default elementor-section-height-default\" data-id=\"06874d2\" data-element_type=\"section\" data-settings=\"{&quot;background_background&quot;:&quot;classic&quot;}\">\n\t\t\t\t\t\t\t<div class=\"elementor-background-overlay\"><\/div>\n\t\t\t\t\t\t\t<div class=\"elementor-container elementor-column-gap-default\">\n\t\t\t\t\t<div class=\"elementor-column elementor-col-33 elementor-top-column elementor-element elementor-element-bd2fd33\" data-id=\"bd2fd33\" data-element_type=\"column\">\n\t\t\t<div class=\"elementor-widget-wrap elementor-element-populated\">\n\t\t\t\t\t\t<div class=\"elementor-element elementor-element-1ab81bf elementor-widget elementor-widget-counter\" data-id=\"1ab81bf\" data-element_type=\"widget\" data-widget_type=\"counter.default\">\n\t\t\t\t<div class=\"elementor-widget-container\">\n\t\t\t\t\t\t\t<div class=\"elementor-counter\">\n\t\t\t<div class=\"elementor-counter-title\">A\u00f1os de experiencia<\/div>\t\t\t<div class=\"elementor-counter-number-wrapper\">\n\t\t\t\t<span class=\"elementor-counter-number-prefix\"><\/span>\n\t\t\t\t<span class=\"elementor-counter-number\" data-duration=\"3000\" data-to-value=\"30\" data-from-value=\"0\" data-delimiter=\",\">0<\/span>\n\t\t\t\t<span class=\"elementor-counter-number-suffix\">+<\/span>\n\t\t\t<\/div>\n\t\t<\/div>\n\t\t\t\t\t\t<\/div>\n\t\t\t\t<\/div>\n\t\t\t\t\t<\/div>\n\t\t<\/div>\n\t\t\t\t<div class=\"elementor-column elementor-col-33 elementor-top-column elementor-element elementor-element-e8dfe74\" data-id=\"e8dfe74\" data-element_type=\"column\">\n\t\t\t<div class=\"elementor-widget-wrap elementor-element-populated\">\n\t\t\t\t\t\t<div class=\"elementor-element elementor-element-9249f96 elementor-widget elementor-widget-counter\" data-id=\"9249f96\" data-element_type=\"widget\" data-widget_type=\"counter.default\">\n\t\t\t\t<div class=\"elementor-widget-container\">\n\t\t\t\t\t\t\t<div class=\"elementor-counter\">\n\t\t\t<div class=\"elementor-counter-title\">Pacientes de alta<\/div>\t\t\t<div class=\"elementor-counter-number-wrapper\">\n\t\t\t\t<span class=\"elementor-counter-number-prefix\"><\/span>\n\t\t\t\t<span class=\"elementor-counter-number\" data-duration=\"2000\" data-to-value=\"1000\" data-from-value=\"0\" data-delimiter=\",\">0<\/span>\n\t\t\t\t<span class=\"elementor-counter-number-suffix\">+<\/span>\n\t\t\t<\/div>\n\t\t<\/div>\n\t\t\t\t\t\t<\/div>\n\t\t\t\t<\/div>\n\t\t\t\t\t<\/div>\n\t\t<\/div>\n\t\t\t\t<div class=\"elementor-column elementor-col-33 elementor-top-column elementor-element elementor-element-078e142\" data-id=\"078e142\" data-element_type=\"column\">\n\t\t\t<div class=\"elementor-widget-wrap elementor-element-populated\">\n\t\t\t\t\t\t<div class=\"elementor-element elementor-element-0606b8d elementor-widget elementor-widget-heading\" data-id=\"0606b8d\" data-element_type=\"widget\" data-widget_type=\"heading.default\">\n\t\t\t\t<div class=\"elementor-widget-container\">\n\t\t\t\t\t<h2 class=\"elementor-heading-title elementor-size-default\">Agenda tu cita<\/h2>\t\t\t\t<\/div>\n\t\t\t\t<\/div>\n\t\t\t\t<div class=\"elementor-element elementor-element-72f28cb elementor-widget elementor-widget-text-editor\" data-id=\"72f28cb\" data-element_type=\"widget\" data-widget_type=\"text-editor.default\">\n\t\t\t\t<div class=\"elementor-widget-container\">\n\t\t\t\t\t\t\t\t\t<p>Puedes agendar tu consulta en l\u00ednea. Un correo de confirmaci\u00f3n ser\u00e1 enviado a tu email registrado\u00a0<\/p>\t\t\t\t\t\t\t\t<\/div>\n\t\t\t\t<\/div>\n\t\t\t\t<div class=\"elementor-element elementor-element-5d7ed80 elementor-mobile-align-justify elementor-align-center elementor-widget elementor-widget-button\" data-id=\"5d7ed80\" data-element_type=\"widget\" data-widget_type=\"button.default\">\n\t\t\t\t<div class=\"elementor-widget-container\">\n\t\t\t\t\t\t\t\t\t<div class=\"elementor-button-wrapper\">\n\t\t\t\t\t<a class=\"elementor-button elementor-button-link elementor-size-sm\" href=\"http:\/\/wa.me\/50378703404\">\n\t\t\t\t\t\t<span class=\"elementor-button-content-wrapper\">\n\t\t\t\t\t\t\t\t\t<span class=\"elementor-button-text\">Haz tu cita<\/span>\n\t\t\t\t\t<\/span>\n\t\t\t\t\t<\/a>\n\t\t\t\t<\/div>\n\t\t\t\t\t\t\t\t<\/div>\n\t\t\t\t<\/div>\n\t\t\t\t\t<\/div>\n\t\t<\/div>\n\t\t\t\t\t<\/div>\n\t\t<\/section>\n\t\t\t\t<\/div>\n\t\t","protected":false},"excerpt":{"rendered":"<p>Acerca de \u00c9lfrida C\u00e1ceres Tu psic\u00f3loga Soy \u00c9lfrida C\u00e1ceres, psic\u00f3loga con m\u00e1s de 30 a\u00f1os de experiencia en la consejer\u00eda cl\u00ednica.\u00a0 En mi consulta descubrir\u00e1s diferentes tipos de asesoramiento y terapias totalmente adaptables a tus necesidades. Mi objetivo primordial es ayudarte a superar todos tus problemas, miedos\u00a0y temores que se presentan diariamente partiendo desde una&#8230;<\/p>\n","protected":false},"author":1,"featured_media":0,"parent":0,"menu_order":0,"comment_status":"closed","ping_status":"closed","template":"elementor_header_footer","meta":{"_kadence_starter_templates_imported_post":true,"_kad_post_transparent":"","_kad_post_title":"hide","_kad_post_layout":"normal","_kad_post_sidebar_id":"","_kad_post_content_style":"unboxed","_kad_post_vertical_padding":"hide","_kad_post_feature":"hide","_kad_post_feature_position":"","_kad_post_header":false,"_kad_post_footer":false,"_joinchat":[],"footnotes":""},"class_list":["post-489","page","type-page","status-publish","hentry"],"yoast_head":"<!-- This site is optimized with the Yoast SEO plugin v25.3 - https:\/\/yoast.com\/wordpress\/plugins\/seo\/ -->\n<title>Acerca de - Psic\u00f3loga Elfrida Caceres<\/title>\n<meta name=\"robots\" content=\"index, follow, max-snippet:-1, max-image-preview:large, max-video-preview:-1\" \/>\n<link rel=\"canonical\" href=\"https:\/\/psicologaelfridacaceres.com\/index.php\/about\/\" \/>\n<meta property=\"og:locale\" content=\"es_ES\" \/>\n<meta property=\"og:type\" content=\"article\" \/>\n<meta property=\"og:title\" content=\"Acerca de - Psic\u00f3loga Elfrida Caceres\" \/>\n<meta property=\"og:description\" content=\"Acerca de \u00c9lfrida C\u00e1ceres Tu psic\u00f3loga Soy \u00c9lfrida C\u00e1ceres, psic\u00f3loga con m\u00e1s de 30 a\u00f1os de experiencia en la consejer\u00eda cl\u00ednica.\u00a0 En mi consulta descubrir\u00e1s diferentes tipos de asesoramiento y terapias totalmente adaptables a tus necesidades. Mi objetivo primordial es ayudarte a superar todos tus problemas, miedos\u00a0y temores que se presentan diariamente partiendo desde una...\" \/>\n<meta property=\"og:url\" content=\"https:\/\/psicologaelfridacaceres.com\/index.php\/about\/\" \/>\n<meta property=\"og:site_name\" content=\"Psic\u00f3loga Elfrida Caceres\" \/>\n<meta property=\"article:modified_time\" content=\"2025-06-17T04:01:06+00:00\" \/>\n<meta property=\"og:image\" content=\"https:\/\/psicologaelfridacaceres.com\/wp-content\/uploads\/2025\/06\/PHOTO-2025-06-16-17-03-01-scaled.jpg\" \/>\n\t<meta property=\"og:image:width\" content=\"1706\" \/>\n\t<meta property=\"og:image:height\" content=\"2560\" \/>\n\t<meta property=\"og:image:type\" content=\"image\/jpeg\" \/>\n<meta name=\"twitter:card\" content=\"summary_large_image\" \/>\n<meta name=\"twitter:label1\" content=\"Tiempo de lectura\" \/>\n\t<meta name=\"twitter:data1\" content=\"5 minutos\" \/>\n<script type=\"application\/ld+json\" class=\"yoast-schema-graph\">{\"@context\":\"https:\/\/schema.org\",\"@graph\":[{\"@type\":\"WebPage\",\"@id\":\"https:\/\/psicologaelfridacaceres.com\/index.php\/about\/\",\"url\":\"https:\/\/psicologaelfridacaceres.com\/index.php\/about\/\",\"name\":\"Acerca de - Psic\u00f3loga Elfrida Caceres\",\"isPartOf\":{\"@id\":\"https:\/\/psicologaelfridacaceres.com\/#website\"},\"primaryImageOfPage\":{\"@id\":\"https:\/\/psicologaelfridacaceres.com\/index.php\/about\/#primaryimage\"},\"image\":{\"@id\":\"https:\/\/psicologaelfridacaceres.com\/index.php\/about\/#primaryimage\"},\"thumbnailUrl\":\"http:\/\/psicologaelfridacaceres.com\/wp-content\/uploads\/2025\/06\/PHOTO-2025-06-16-17-03-01-683x1024.jpg\",\"datePublished\":\"2020-10-16T14:41:01+00:00\",\"dateModified\":\"2025-06-17T04:01:06+00:00\",\"breadcrumb\":{\"@id\":\"https:\/\/psicologaelfridacaceres.com\/index.php\/about\/#breadcrumb\"},\"inLanguage\":\"es\",\"potentialAction\":[{\"@type\":\"ReadAction\",\"target\":[\"https:\/\/psicologaelfridacaceres.com\/index.php\/about\/\"]}]},{\"@type\":\"ImageObject\",\"inLanguage\":\"es\",\"@id\":\"https:\/\/psicologaelfridacaceres.com\/index.php\/about\/#primaryimage\",\"url\":\"https:\/\/psicologaelfridacaceres.com\/wp-content\/uploads\/2025\/06\/PHOTO-2025-06-16-17-03-01-scaled.jpg\",\"contentUrl\":\"https:\/\/psicologaelfridacaceres.com\/wp-content\/uploads\/2025\/06\/PHOTO-2025-06-16-17-03-01-scaled.jpg\",\"width\":1706,\"height\":2560},{\"@type\":\"BreadcrumbList\",\"@id\":\"https:\/\/psicologaelfridacaceres.com\/index.php\/about\/#breadcrumb\",\"itemListElement\":[{\"@type\":\"ListItem\",\"position\":1,\"name\":\"Portada\",\"item\":\"https:\/\/psicologaelfridacaceres.com\/\"},{\"@type\":\"ListItem\",\"position\":2,\"name\":\"Acerca de\"}]},{\"@type\":\"WebSite\",\"@id\":\"https:\/\/psicologaelfridacaceres.com\/#website\",\"url\":\"https:\/\/psicologaelfridacaceres.com\/\",\"name\":\"Psic\u00f3loga Elfrida Caceres\",\"description\":\"Psic\u00f3loga especialista con m\u00e1s de 30 a\u00f1os de experiencia en Consejer\u00eda Cl\u00ednica en El Salvador\",\"publisher\":{\"@id\":\"https:\/\/psicologaelfridacaceres.com\/#\/schema\/person\/592fc7a28331bfee12d96f8f1e4e2824\"},\"potentialAction\":[{\"@type\":\"SearchAction\",\"target\":{\"@type\":\"EntryPoint\",\"urlTemplate\":\"https:\/\/psicologaelfridacaceres.com\/?s={search_term_string}\"},\"query-input\":{\"@type\":\"PropertyValueSpecification\",\"valueRequired\":true,\"valueName\":\"search_term_string\"}}],\"inLanguage\":\"es\"},{\"@type\":[\"Person\",\"Organization\"],\"@id\":\"https:\/\/psicologaelfridacaceres.com\/#\/schema\/person\/592fc7a28331bfee12d96f8f1e4e2824\",\"name\":\"elfrida.mpc@gmail.com\",\"image\":{\"@type\":\"ImageObject\",\"inLanguage\":\"es\",\"@id\":\"https:\/\/psicologaelfridacaceres.com\/#\/schema\/person\/image\/\",\"url\":\"http:\/\/psicologaelfridacaceres.com\/wp-content\/uploads\/2023\/03\/cropped-CACERES-1.png\",\"contentUrl\":\"http:\/\/psicologaelfridacaceres.com\/wp-content\/uploads\/2023\/03\/cropped-CACERES-1.png\",\"width\":512,\"height\":512,\"caption\":\"elfrida.mpc@gmail.com\"},\"logo\":{\"@id\":\"https:\/\/psicologaelfridacaceres.com\/#\/schema\/person\/image\/\"},\"sameAs\":[\"http:\/\/psicologaelfridacaceres.com\"]}]}<\/script>\n<!-- \/ Yoast SEO plugin. -->","yoast_head_json":{"title":"Acerca de - Psic\u00f3loga Elfrida Caceres","robots":{"index":"index","follow":"follow","max-snippet":"max-snippet:-1","max-image-preview":"max-image-preview:large","max-video-preview":"max-video-preview:-1"},"canonical":"https:\/\/psicologaelfridacaceres.com\/index.php\/about\/","og_locale":"es_ES","og_type":"article","og_title":"Acerca de - Psic\u00f3loga Elfrida Caceres","og_description":"Acerca de \u00c9lfrida C\u00e1ceres Tu psic\u00f3loga Soy \u00c9lfrida C\u00e1ceres, psic\u00f3loga con m\u00e1s de 30 a\u00f1os de experiencia en la consejer\u00eda cl\u00ednica.\u00a0 En mi consulta descubrir\u00e1s diferentes tipos de asesoramiento y terapias totalmente adaptables a tus necesidades. Mi objetivo primordial es ayudarte a superar todos tus problemas, miedos\u00a0y temores que se presentan diariamente partiendo desde una...","og_url":"https:\/\/psicologaelfridacaceres.com\/index.php\/about\/","og_site_name":"Psic\u00f3loga Elfrida Caceres","article_modified_time":"2025-06-17T04:01:06+00:00","og_image":[{"width":1706,"height":2560,"url":"https:\/\/psicologaelfridacaceres.com\/wp-content\/uploads\/2025\/06\/PHOTO-2025-06-16-17-03-01-scaled.jpg","type":"image\/jpeg"}],"twitter_card":"summary_large_image","twitter_misc":{"Tiempo de lectura":"5 minutos"},"schema":{"@context":"https:\/\/schema.org","@graph":[{"@type":"WebPage","@id":"https:\/\/psicologaelfridacaceres.com\/index.php\/about\/","url":"https:\/\/psicologaelfridacaceres.com\/index.php\/about\/","name":"Acerca de - Psic\u00f3loga Elfrida Caceres","isPartOf":{"@id":"https:\/\/psicologaelfridacaceres.com\/#website"},"primaryImageOfPage":{"@id":"https:\/\/psicologaelfridacaceres.com\/index.php\/about\/#primaryimage"},"image":{"@id":"https:\/\/psicologaelfridacaceres.com\/index.php\/about\/#primaryimage"},"thumbnailUrl":"http:\/\/psicologaelfridacaceres.com\/wp-content\/uploads\/2025\/06\/PHOTO-2025-06-16-17-03-01-683x1024.jpg","datePublished":"2020-10-16T14:41:01+00:00","dateModified":"2025-06-17T04:01:06+00:00","breadcrumb":{"@id":"https:\/\/psicologaelfridacaceres.com\/index.php\/about\/#breadcrumb"},"inLanguage":"es","potentialAction":[{"@type":"ReadAction","target":["https:\/\/psicologaelfridacaceres.com\/index.php\/about\/"]}]},{"@type":"ImageObject","inLanguage":"es","@id":"https:\/\/psicologaelfridacaceres.com\/index.php\/about\/#primaryimage","url":"https:\/\/psicologaelfridacaceres.com\/wp-content\/uploads\/2025\/06\/PHOTO-2025-06-16-17-03-01-scaled.jpg","contentUrl":"https:\/\/psicologaelfridacaceres.com\/wp-content\/uploads\/2025\/06\/PHOTO-2025-06-16-17-03-01-scaled.jpg","width":1706,"height":2560},{"@type":"BreadcrumbList","@id":"https:\/\/psicologaelfridacaceres.com\/index.php\/about\/#breadcrumb","itemListElement":[{"@type":"ListItem","position":1,"name":"Portada","item":"https:\/\/psicologaelfridacaceres.com\/"},{"@type":"ListItem","position":2,"name":"Acerca de"}]},{"@type":"WebSite","@id":"https:\/\/psicologaelfridacaceres.com\/#website","url":"https:\/\/psicologaelfridacaceres.com\/","name":"Psic\u00f3loga Elfrida Caceres","description":"Psic\u00f3loga especialista con m\u00e1s de 30 a\u00f1os de experiencia en Consejer\u00eda Cl\u00ednica en El Salvador","publisher":{"@id":"https:\/\/psicologaelfridacaceres.com\/#\/schema\/person\/592fc7a28331bfee12d96f8f1e4e2824"},"potentialAction":[{"@type":"SearchAction","target":{"@type":"EntryPoint","urlTemplate":"https:\/\/psicologaelfridacaceres.com\/?s={search_term_string}"},"query-input":{"@type":"PropertyValueSpecification","valueRequired":true,"valueName":"search_term_string"}}],"inLanguage":"es"},{"@type":["Person","Organization"],"@id":"https:\/\/psicologaelfridacaceres.com\/#\/schema\/person\/592fc7a28331bfee12d96f8f1e4e2824","name":"elfrida.mpc@gmail.com","image":{"@type":"ImageObject","inLanguage":"es","@id":"https:\/\/psicologaelfridacaceres.com\/#\/schema\/person\/image\/","url":"http:\/\/psicologaelfridacaceres.com\/wp-content\/uploads\/2023\/03\/cropped-CACERES-1.png","contentUrl":"http:\/\/psicologaelfridacaceres.com\/wp-content\/uploads\/2023\/03\/cropped-CACERES-1.png","width":512,"height":512,"caption":"elfrida.mpc@gmail.com"},"logo":{"@id":"https:\/\/psicologaelfridacaceres.com\/#\/schema\/person\/image\/"},"sameAs":["http:\/\/psicologaelfridacaceres.com"]}]}},"_links":{"self":[{"href":"https:\/\/psicologaelfridacaceres.com\/index.php\/wp-json\/wp\/v2\/pages\/489","targetHints":{"allow":["GET"]}}],"collection":[{"href":"https:\/\/psicologaelfridacaceres.com\/index.php\/wp-json\/wp\/v2\/pages"}],"about":[{"href":"https:\/\/psicologaelfridacaceres.com\/index.php\/wp-json\/wp\/v2\/types\/page"}],"author":[{"embeddable":true,"href":"https:\/\/psicologaelfridacaceres.com\/index.php\/wp-json\/wp\/v2\/users\/1"}],"replies":[{"embeddable":true,"href":"https:\/\/psicologaelfridacaceres.com\/index.php\/wp-json\/wp\/v2\/comments?post=489"}],"version-history":[{"count":197,"href":"https:\/\/psicologaelfridacaceres.com\/index.php\/wp-json\/wp\/v2\/pages\/489\/revisions"}],"predecessor-version":[{"id":2556,"href":"https:\/\/psicologaelfridacaceres.com\/index.php\/wp-json\/wp\/v2\/pages\/489\/revisions\/2556"}],"wp:attachment":[{"href":"https:\/\/psicologaelfridacaceres.com\/index.php\/wp-json\/wp\/v2\/media?parent=489"}],"curies":[{"name":"wp","href":"https:\/\/api.w.org\/{rel}","templated":true}]}}